{"id":1673,"date":"2022-06-14T11:45:29","date_gmt":"2022-06-14T09:45:29","guid":{"rendered":"https:\/\/www.republikgarden.fr\/news\/?page_id=1673"},"modified":"2026-04-23T11:18:02","modified_gmt":"2026-04-23T09:18:02","slug":"actualites-cbd-blog-gardenz-fr","status":"publish","type":"page","link":"https:\/\/www.gardenz.fr\/news\/","title":{"rendered":"Blog CBD actu"},"content":{"rendered":"\t\t<div data-elementor-type=\"wp-page\" data-elementor-id=\"1673\" class=\"elementor elementor-1673\">\n\t\t\t\t\t\t<section class=\"elementor-section elementor-top-section elementor-element elementor-element-34ac812 elementor-section-boxed elementor-section-height-default elementor-section-height-default\" data-id=\"34ac812\" data-element_type=\"section\" data-e-type=\"section\">\n\t\t\t\t\t\t<div class=\"elementor-container elementor-column-gap-default\">\n\t\t\t\t\t<div class=\"elementor-column elementor-col-100 elementor-top-column elementor-element elementor-element-81a8fc6\" data-id=\"81a8fc6\" data-element_type=\"column\" data-e-type=\"column\">\n\t\t\t<div class=\"elementor-widget-wrap elementor-element-populated\">\n\t\t\t\t\t\t<div class=\"elementor-element elementor-element-25c5516 elementor-widget elementor-widget-spacer\" data-id=\"25c5516\" data-element_type=\"widget\" data-e-type=\"widget\" data-widget_type=\"spacer.default\">\n\t\t\t\t<div class=\"elementor-widget-container\">\n\t\t\t\t\t\t\t<div class=\"elementor-spacer\">\n\t\t\t<div class=\"elementor-spacer-inner\"><\/div>\n\t\t<\/div>\n\t\t\t\t\t\t<\/div>\n\t\t\t\t<\/div>\n\t\t\t\t<div class=\"elementor-element elementor-element-ba6a934 elementor-widget elementor-widget-spacer\" data-id=\"ba6a934\" data-element_type=\"widget\" data-e-type=\"widget\" data-widget_type=\"spacer.default\">\n\t\t\t\t<div class=\"elementor-widget-container\">\n\t\t\t\t\t\t\t<div class=\"elementor-spacer\">\n\t\t\t<div class=\"elementor-spacer-inner\"><\/div>\n\t\t<\/div>\n\t\t\t\t\t\t<\/div>\n\t\t\t\t<\/div>\n\t\t\t\t<div class=\"elementor-element elementor-element-0d4bf4d elementor-widget elementor-widget-heading\" data-id=\"0d4bf4d\" data-element_type=\"widget\" data-e-type=\"widget\" data-widget_type=\"heading.default\">\n\t\t\t\t<div class=\"elementor-widget-container\">\n\t\t\t\t\t<h1 class=\"elementor-heading-title elementor-size-default\">ACTU CBD &amp; WEED<\/h1>\t\t\t\t<\/div>\n\t\t\t\t<\/div>\n\t\t\t\t<div class=\"elementor-element elementor-element-1e7194b elementor-widget elementor-widget-text-editor\" data-id=\"1e7194b\" data-element_type=\"widget\" data-e-type=\"widget\" data-widget_type=\"text-editor.default\">\n\t\t\t\t<div class=\"elementor-widget-container\">\n\t\t\t\t\t\t\t\t\tBienvenue sur le blog Gardenz, l\u2019espace o\u00f9 l\u2019on d\u00e9crypte l\u2019univers du CBD de mani\u00e8re simple, fiable et accessible.\nIci, tu retrouves des guides pratiques, des conseils pour bien choisir tes produits, des analyses des tendances du march\u00e9\neurop\u00e9en et des contenus p\u00e9dagogiques pour mieux comprendre le chanvre, ses ar\u00f4mes, ses m\u00e9thodes de culture et les r\u00e9glementations\nqui encadrent ce secteur. Notre objectif : t\u2019aider \u00e0 faire des choix \u00e9clair\u00e9s gr\u00e2ce \u00e0 des informations claires, v\u00e9rifi\u00e9es\net adapt\u00e9es \u00e0 tous les niveaux.\t\t\t\t\t\t\t\t<\/div>\n\t\t\t\t<\/div>\n\t\t\t\t<div class=\"elementor-element elementor-element-813e612 elementor-widget elementor-widget-html\" data-id=\"813e612\" data-element_type=\"widget\" data-e-type=\"widget\" data-widget_type=\"html.default\">\n\t\t\t\t<div class=\"elementor-widget-container\">\n\t\t\t\t\t<style>\n.gz-cats { padding: 1.5rem 0; font-family: inherit; }\n.gz-label {\n  font-size: 11px; font-weight: 500; letter-spacing: 0.12em;\n  text-transform: uppercase; color: #888; margin-bottom: 12px;\n}\n.gz-pills {\n  display: flex; gap: 10px;\n  flex-wrap: wrap;\n}\n\/* Mobile : scroll horizontal, pas de retour \u00e0 la ligne *\/\n@media (max-width: 768px) {\n  .gz-pills {\n    flex-wrap: nowrap;\n    overflow-x: auto;\n    -webkit-overflow-scrolling: touch;\n    scrollbar-width: none;\n    padding-bottom: 6px;\n  }\n  .gz-pills::-webkit-scrollbar { display: none; }\n}\n.gz-pill {\n  display: inline-flex; align-items: center; gap: 7px;\n  padding: 8px 18px; border-radius: 999px;\n  font-size: 13px; font-weight: 500;\n  border: 1.5px solid; transition: background 0.18s, color 0.18s, transform 0.12s;\n  text-decoration: none; white-space: nowrap; flex-shrink: 0;\n}\n.gz-pill:hover { transform: translateY(-2px); text-decoration: none; }\n.gz-pill .dot { width: 7px; height: 7px; border-radius: 50%; flex-shrink: 0; }\n\n.gz-pill-all { background: #2D5A1B; color: #e8f5d8; border-color: #2D5A1B; }\n.gz-pill-all:hover { background: #3a7322; border-color: #3a7322; color: #e8f5d8; }\n.gz-pill-all .dot { background: #a3d977; }\n\n.gz-pill-guide { background: transparent; color: #3a7322; border-color: #639922; }\n.gz-pill-guide:hover { background: #EAF3DE; color: #27500A; border-color: #3a7322; }\n.gz-pill-guide .dot { background: #639922; }\n\n.gz-pill-fleurs { background: transparent; color: #3B6D11; border-color: #97C459; }\n.gz-pill-fleurs:hover { background: #EAF3DE; color: #173404; border-color: #3B6D11; }\n.gz-pill-fleurs .dot { background: #97C459; }\n\n.gz-pill-actu { background: transparent; color: #185FA5; border-color: #378ADD; }\n.gz-pill-actu:hover { background: #E6F1FB; color: #0C447C; border-color: #185FA5; }\n.gz-pill-actu .dot { background: #378ADD; }\n\n.gz-pill-recette { background: transparent; color: #BA7517; border-color: #EF9F27; }\n.gz-pill-recette:hover { background: #FAEEDA; color: #633806; border-color: #BA7517; }\n.gz-pill-recette .dot { background: #EF9F27; }\n\n.gz-pill-infos { background: transparent; color: #534AB7; border-color: #7F77DD; }\n.gz-pill-infos:hover { background: #EEEDFE; color: #3C3489; border-color: #534AB7; }\n.gz-pill-infos .dot { background: #7F77DD; }\n<\/style>\n\n<div class=\"gz-cats\">\n  <p class=\"gz-label\">Explorer par th\u00e8me<\/p>\n  <nav class=\"gz-pills\" aria-label=\"Cat\u00e9gories du blog\">\n    <a href=\"https:\/\/www.gardenz.fr\/news\/\" class=\"gz-pill gz-pill-all\" rel=\"nofollow\">\n      <span class=\"dot\"><\/span> Tous les articles\n    <\/a>\n    <a href=\"https:\/\/www.gardenz.fr\/news\/category\/guide-achat\/\" class=\"gz-pill gz-pill-guide\" rel=\"nofollow\">\n      <span class=\"dot\"><\/span> Guide d'achat\n    <\/a>\n    <a href=\"https:\/\/www.gardenz.fr\/news\/category\/produits\/\" class=\"gz-pill gz-pill-fleurs\" rel=\"nofollow\">\n      <span class=\"dot\"><\/span> Fleurs &amp; r\u00e9sine\n    <\/a>\n    <a href=\"https:\/\/www.gardenz.fr\/news\/category\/events\/\" class=\"gz-pill gz-pill-actu\" rel=\"nofollow\">\n      <span class=\"dot\"><\/span> Actualit\u00e9s CBD\n    <\/a>\n    <a href=\"https:\/\/www.gardenz.fr\/news\/category\/recette-cbd\/\" class=\"gz-pill gz-pill-recette\" rel=\"nofollow\">\n      <span class=\"dot\"><\/span> Recettes au CBD\n    <\/a>\n    <a href=\"https:\/\/www.gardenz.fr\/news\/category\/infos\/\" class=\"gz-pill gz-pill-infos\" rel=\"nofollow\">\n      <span class=\"dot\"><\/span> Infos weed\n    <\/a>\n  <\/nav>\n<\/div>\t\t\t\t<\/div>\n\t\t\t\t<\/div>\n\t\t\t\t<div class=\"elementor-element elementor-element-db81f05 elementor-widget elementor-widget-spacer\" data-id=\"db81f05\" data-element_type=\"widget\" data-e-type=\"widget\" data-widget_type=\"spacer.default\">\n\t\t\t\t<div class=\"elementor-widget-container\">\n\t\t\t\t\t\t\t<div class=\"elementor-spacer\">\n\t\t\t<div class=\"elementor-spacer-inner\"><\/div>\n\t\t<\/div>\n\t\t\t\t\t\t<\/div>\n\t\t\t\t<\/div>\n\t\t\t\t<div class=\"elementor-element elementor-element-6ddebdc elementor-widget elementor-widget-shortcode\" data-id=\"6ddebdc\" data-element_type=\"widget\" data-e-type=\"widget\" data-widget_type=\"shortcode.default\">\n\t\t\t\t<div class=\"elementor-widget-container\">\n\t\t\t\t\t\t\t<div class=\"elementor-shortcode\"><div class=\"bdpp-wrap bdpp-lite bdpp-post-grid-wrap bdpp-post-data-wrap bdpp-design-1 bdpp-grid-3  bdpp-clearfix\" id=\"bdpp-post-grid-1\">\r\n\t<div class=\"bdpp-post-grid-inr-wrap bdpp-post-data-inr-wrap bdpp-clearfix\"><div class=\"bdpp-post-grid bdpp-col-3 bdpp-columns bdpp-post-21670 bdpp-post-standard bdpp-first bdpp-has-thumb\">\r\n\t<div class=\"bdpp-post-grid-content\">\r\n\t\t\t\t<div class=\"bdpp-post-img-bg\">\r\n\t\t\t<a href=\"https:\/\/www.gardenz.fr\/news\/2026\/04\/29\/meilleure-resine-cbd\/\">\r\n\t\t\t\t<img decoding=\"async\" src=\"https:\/\/www.gardenz.fr\/news\/wp-content\/uploads\/2026\/04\/meilleure-resine-cbd-640x480.webp\" class=\"bdpp-img bdpp-post-feat-img\" alt=\"Meilleure r\u00e9sine CBD 2026 : comparatif et guide d&rsquo;achat\" \/>\r\n\t\t\t\t\t\t\t<\/a>\r\n\t\t<\/div>\r\n\t\t\t\t<div class=\"bdpp-post-cats\"><a class=\"bdpp-post-cat-link bdpp-post-cat-21 bdpp-post-cat-events\" href=\"https:\/\/www.gardenz.fr\/news\/category\/events\/\">ACTUALITES CBD<\/a><\/div>\r\n\t\t\r\n\t\t<h2 class=\"bdpp-post-title\">\r\n\t\t\t<a href=\"https:\/\/www.gardenz.fr\/news\/2026\/04\/29\/meilleure-resine-cbd\/\">Meilleure r\u00e9sine CBD 2026 : comparatif et guide d&rsquo;achat<\/a>\r\n\t\t<\/h2>\r\n\r\n\t\t\t\t<div class=\"bdpp-post-meta bdpp-post-meta-up\">\r\n\t\t\t<span class=\"bdpp-post-meta-data bdpp-post-author\"><i class=\"bdpp-fa fa-solid fa-user\"><\/i>Mathis<\/span><span class=\"bdpp-post-meta-sep\"> &ndash; <\/span><span class=\"bdpp-post-meta-data bdpp-post-date\"><i class=\"bdpp-fa fa-regular fa-clock\"><\/i>29 avril 2026<\/span>\t\t<\/div>\r\n\t\t\t\t<div class=\"bdpp-post-content\">\r\n\t\t\t<div class=\"bdpp-post-desc\">R\u00e9ponse rapide Meilleure r\u00e9sine CBD en 2026 : les points essentiels Quelle est la meilleure r\u00e9sine CBD ? Celle qui...<\/div>\r\n\t\t\t\t\t\t<a href=\"https:\/\/www.gardenz.fr\/news\/2026\/04\/29\/meilleure-resine-cbd\/\" class=\"bdpp-rdmr-btn\">Lire la suite<\/a>\r\n\t\t\t\t\t<\/div>\r\n\t\t\t<\/div>\r\n<\/div><div class=\"bdpp-post-grid bdpp-col-3 bdpp-columns bdpp-post-21641 bdpp-post-standard bdpp-has-thumb\">\r\n\t<div class=\"bdpp-post-grid-content\">\r\n\t\t\t\t<div class=\"bdpp-post-img-bg\">\r\n\t\t\t<a href=\"https:\/\/www.gardenz.fr\/news\/2026\/04\/28\/meilleurs-cbd-shop-toulouse\/\">\r\n\t\t\t\t<img decoding=\"async\" src=\"https:\/\/www.gardenz.fr\/news\/wp-content\/uploads\/2026\/04\/meilleur-cbd-shop-toulouse-640x480.webp\" class=\"bdpp-img bdpp-post-feat-img\" alt=\"CBD Toulouse : 6 meilleurs shops en ligne et boutique 2026\" \/>\r\n\t\t\t\t\t\t\t<\/a>\r\n\t\t<\/div>\r\n\t\t\t\t<div class=\"bdpp-post-cats\"><a class=\"bdpp-post-cat-link bdpp-post-cat-24 bdpp-post-cat-guide-achat\" href=\"https:\/\/www.gardenz.fr\/news\/category\/guide-achat\/\">GUIDE D&#039;ACHAT<\/a><\/div>\r\n\t\t\r\n\t\t<h2 class=\"bdpp-post-title\">\r\n\t\t\t<a href=\"https:\/\/www.gardenz.fr\/news\/2026\/04\/28\/meilleurs-cbd-shop-toulouse\/\">CBD Toulouse : 6 meilleurs shops en ligne et boutique 2026<\/a>\r\n\t\t<\/h2>\r\n\r\n\t\t\t\t<div class=\"bdpp-post-meta bdpp-post-meta-up\">\r\n\t\t\t<span class=\"bdpp-post-meta-data bdpp-post-author\"><i class=\"bdpp-fa fa-solid fa-user\"><\/i>Mathis<\/span><span class=\"bdpp-post-meta-sep\"> &ndash; <\/span><span class=\"bdpp-post-meta-data bdpp-post-date\"><i class=\"bdpp-fa fa-regular fa-clock\"><\/i>28 avril 2026<\/span>\t\t<\/div>\r\n\t\t\t\t<div class=\"bdpp-post-content\">\r\n\t\t\t<div class=\"bdpp-post-desc\">R\u00e9ponse rapide Meilleur CBD shop \u00e0 Toulouse : l&#39;essentiel Meilleur online livrant \u00e0 Toulouse : Gardenz \u2014 900+ avis 9.4\/10,...<\/div>\r\n\t\t\t\t\t\t<a href=\"https:\/\/www.gardenz.fr\/news\/2026\/04\/28\/meilleurs-cbd-shop-toulouse\/\" class=\"bdpp-rdmr-btn\">Lire la suite<\/a>\r\n\t\t\t\t\t<\/div>\r\n\t\t\t<\/div>\r\n<\/div><div class=\"bdpp-post-grid bdpp-col-3 bdpp-columns bdpp-post-21612 bdpp-post-standard bdpp-has-thumb\">\r\n\t<div class=\"bdpp-post-grid-content\">\r\n\t\t\t\t<div class=\"bdpp-post-img-bg\">\r\n\t\t\t<a href=\"https:\/\/www.gardenz.fr\/news\/2026\/04\/23\/cbd-cycle-menstruel-spm-dysmenorrhee\/\">\r\n\t\t\t\t<img decoding=\"async\" src=\"https:\/\/www.gardenz.fr\/news\/wp-content\/uploads\/2026\/04\/cbd-et-cycle-feminin-640x480.webp\" class=\"bdpp-img bdpp-post-feat-img\" alt=\"CBD et cycle menstruel : SPM, crampes et protocole par phase\" \/>\r\n\t\t\t\t\t\t\t<\/a>\r\n\t\t<\/div>\r\n\t\t\t\t<div class=\"bdpp-post-cats\"><a class=\"bdpp-post-cat-link bdpp-post-cat-21 bdpp-post-cat-events\" href=\"https:\/\/www.gardenz.fr\/news\/category\/events\/\">ACTUALITES CBD<\/a><\/div>\r\n\t\t\r\n\t\t<h2 class=\"bdpp-post-title\">\r\n\t\t\t<a href=\"https:\/\/www.gardenz.fr\/news\/2026\/04\/23\/cbd-cycle-menstruel-spm-dysmenorrhee\/\">CBD et cycle menstruel : SPM, crampes et protocole par phase<\/a>\r\n\t\t<\/h2>\r\n\r\n\t\t\t\t<div class=\"bdpp-post-meta bdpp-post-meta-up\">\r\n\t\t\t<span class=\"bdpp-post-meta-data bdpp-post-author\"><i class=\"bdpp-fa fa-solid fa-user\"><\/i>Mathis<\/span><span class=\"bdpp-post-meta-sep\"> &ndash; <\/span><span class=\"bdpp-post-meta-data bdpp-post-date\"><i class=\"bdpp-fa fa-regular fa-clock\"><\/i>23 avril 2026<\/span>\t\t<\/div>\r\n\t\t\t\t<div class=\"bdpp-post-content\">\r\n\t\t\t<div class=\"bdpp-post-desc\">R\u00e9ponse rapide CBD et cycle menstruel : les points essentiels Le CBD aide-t-il avec les douleurs menstruelles ? Les donn\u00e9es...<\/div>\r\n\t\t\t\t\t\t<a href=\"https:\/\/www.gardenz.fr\/news\/2026\/04\/23\/cbd-cycle-menstruel-spm-dysmenorrhee\/\" class=\"bdpp-rdmr-btn\">Lire la suite<\/a>\r\n\t\t\t\t\t<\/div>\r\n\t\t\t<\/div>\r\n<\/div><div class=\"bdpp-post-grid bdpp-col-3 bdpp-columns bdpp-post-21617 bdpp-post-standard bdpp-first bdpp-has-thumb\">\r\n\t<div class=\"bdpp-post-grid-content\">\r\n\t\t\t\t<div class=\"bdpp-post-img-bg\">\r\n\t\t\t<a href=\"https:\/\/www.gardenz.fr\/news\/2026\/04\/22\/meilleur-cbd-shop-grenoble\/\">\r\n\t\t\t\t<img decoding=\"async\" src=\"https:\/\/www.gardenz.fr\/news\/wp-content\/uploads\/2026\/04\/meilleur-cbd-shop-grenoble-640x480.webp\" class=\"bdpp-img bdpp-post-feat-img\" alt=\"CBD \u00e0 Grenoble : les 7 meilleurs shops en ligne et en boutique (2026)\" \/>\r\n\t\t\t\t\t\t\t<\/a>\r\n\t\t<\/div>\r\n\t\t\t\t<div class=\"bdpp-post-cats\"><a class=\"bdpp-post-cat-link bdpp-post-cat-24 bdpp-post-cat-guide-achat\" href=\"https:\/\/www.gardenz.fr\/news\/category\/guide-achat\/\">GUIDE D&#039;ACHAT<\/a><\/div>\r\n\t\t\r\n\t\t<h2 class=\"bdpp-post-title\">\r\n\t\t\t<a href=\"https:\/\/www.gardenz.fr\/news\/2026\/04\/22\/meilleur-cbd-shop-grenoble\/\">CBD \u00e0 Grenoble : les 7 meilleurs shops en ligne et en boutique (2026)<\/a>\r\n\t\t<\/h2>\r\n\r\n\t\t\t\t<div class=\"bdpp-post-meta bdpp-post-meta-up\">\r\n\t\t\t<span class=\"bdpp-post-meta-data bdpp-post-author\"><i class=\"bdpp-fa fa-solid fa-user\"><\/i>Mathis<\/span><span class=\"bdpp-post-meta-sep\"> &ndash; <\/span><span class=\"bdpp-post-meta-data bdpp-post-date\"><i class=\"bdpp-fa fa-regular fa-clock\"><\/i>22 avril 2026<\/span>\t\t<\/div>\r\n\t\t\t\t<div class=\"bdpp-post-content\">\r\n\t\t\t<div class=\"bdpp-post-desc\">R\u00e9ponse rapide Meilleur CBD shop \u00e0 Grenoble : l&#39;essentiel Meilleur online livrant \u00e0 Grenoble : Gardenz \u2014 900+ avis 9.4\/10,...<\/div>\r\n\t\t\t\t\t\t<a href=\"https:\/\/www.gardenz.fr\/news\/2026\/04\/22\/meilleur-cbd-shop-grenoble\/\" class=\"bdpp-rdmr-btn\">Lire la suite<\/a>\r\n\t\t\t\t\t<\/div>\r\n\t\t\t<\/div>\r\n<\/div><div class=\"bdpp-post-grid bdpp-col-3 bdpp-columns bdpp-post-21600 bdpp-post-standard bdpp-has-thumb\">\r\n\t<div class=\"bdpp-post-grid-content\">\r\n\t\t\t\t<div class=\"bdpp-post-img-bg\">\r\n\t\t\t<a href=\"https:\/\/www.gardenz.fr\/news\/2026\/04\/20\/microdosage-cbd\/\">\r\n\t\t\t\t<img decoding=\"async\" src=\"https:\/\/www.gardenz.fr\/news\/wp-content\/uploads\/2026\/04\/micro-dosing-cbd-640x480.webp\" class=\"bdpp-img bdpp-post-feat-img\" alt=\"Microdosage CBD : protocole, doses et formats\" \/>\r\n\t\t\t\t\t\t\t<\/a>\r\n\t\t<\/div>\r\n\t\t\t\t<div class=\"bdpp-post-cats\"><a class=\"bdpp-post-cat-link bdpp-post-cat-23 bdpp-post-cat-infos\" href=\"https:\/\/www.gardenz.fr\/news\/category\/infos\/\">INFOS WEED<\/a><\/div>\r\n\t\t\r\n\t\t<h2 class=\"bdpp-post-title\">\r\n\t\t\t<a href=\"https:\/\/www.gardenz.fr\/news\/2026\/04\/20\/microdosage-cbd\/\">Microdosage CBD : protocole, doses et formats<\/a>\r\n\t\t<\/h2>\r\n\r\n\t\t\t\t<div class=\"bdpp-post-meta bdpp-post-meta-up\">\r\n\t\t\t<span class=\"bdpp-post-meta-data bdpp-post-author\"><i class=\"bdpp-fa fa-solid fa-user\"><\/i>Mathis<\/span><span class=\"bdpp-post-meta-sep\"> &ndash; <\/span><span class=\"bdpp-post-meta-data bdpp-post-date\"><i class=\"bdpp-fa fa-regular fa-clock\"><\/i>20 avril 2026<\/span>\t\t<\/div>\r\n\t\t\t\t<div class=\"bdpp-post-content\">\r\n\t\t\t<div class=\"bdpp-post-desc\">R\u00e9ponse rapide Microdosage CBD : les points essentiels Qu&#39;est-ce que le microdosage CBD ? Prendre de tr\u00e8s petites doses de...<\/div>\r\n\t\t\t\t\t\t<a href=\"https:\/\/www.gardenz.fr\/news\/2026\/04\/20\/microdosage-cbd\/\" class=\"bdpp-rdmr-btn\">Lire la suite<\/a>\r\n\t\t\t\t\t<\/div>\r\n\t\t\t<\/div>\r\n<\/div><div class=\"bdpp-post-grid bdpp-col-3 bdpp-columns bdpp-post-21573 bdpp-post-standard bdpp-has-thumb\">\r\n\t<div class=\"bdpp-post-grid-content\">\r\n\t\t\t\t<div class=\"bdpp-post-img-bg\">\r\n\t\t\t<a href=\"https:\/\/www.gardenz.fr\/news\/2026\/04\/16\/cbd-ashwagandha-stack-stress\/\">\r\n\t\t\t\t<img decoding=\"async\" src=\"https:\/\/www.gardenz.fr\/news\/wp-content\/uploads\/2026\/04\/cbd-et-ashwanganda-640x480.webp\" class=\"bdpp-img bdpp-post-feat-img\" alt=\"CBD et ashwagandha : peut-on les associer ?\" \/>\r\n\t\t\t\t\t\t\t<\/a>\r\n\t\t<\/div>\r\n\t\t\t\t<div class=\"bdpp-post-cats\"><a class=\"bdpp-post-cat-link bdpp-post-cat-23 bdpp-post-cat-infos\" href=\"https:\/\/www.gardenz.fr\/news\/category\/infos\/\">INFOS WEED<\/a><\/div>\r\n\t\t\r\n\t\t<h2 class=\"bdpp-post-title\">\r\n\t\t\t<a href=\"https:\/\/www.gardenz.fr\/news\/2026\/04\/16\/cbd-ashwagandha-stack-stress\/\">CBD et ashwagandha : peut-on les associer ?<\/a>\r\n\t\t<\/h2>\r\n\r\n\t\t\t\t<div class=\"bdpp-post-meta bdpp-post-meta-up\">\r\n\t\t\t<span class=\"bdpp-post-meta-data bdpp-post-author\"><i class=\"bdpp-fa fa-solid fa-user\"><\/i>Mathis<\/span><span class=\"bdpp-post-meta-sep\"> &ndash; <\/span><span class=\"bdpp-post-meta-data bdpp-post-date\"><i class=\"bdpp-fa fa-regular fa-clock\"><\/i>16 avril 2026<\/span>\t\t<\/div>\r\n\t\t\t\t<div class=\"bdpp-post-content\">\r\n\t\t\t<div class=\"bdpp-post-desc\">R\u00e9ponse rapide CBD + Ashwagandha : les points essentiels Peut-on associer CBD et ashwagandha ? Oui. Les deux agissent sur...<\/div>\r\n\t\t\t\t\t\t<a href=\"https:\/\/www.gardenz.fr\/news\/2026\/04\/16\/cbd-ashwagandha-stack-stress\/\" class=\"bdpp-rdmr-btn\">Lire la suite<\/a>\r\n\t\t\t\t\t<\/div>\r\n\t\t\t<\/div>\r\n<\/div><div class=\"bdpp-post-grid bdpp-col-3 bdpp-columns bdpp-post-21564 bdpp-post-standard bdpp-first bdpp-has-thumb\">\r\n\t<div class=\"bdpp-post-grid-content\">\r\n\t\t\t\t<div class=\"bdpp-post-img-bg\">\r\n\t\t\t<a href=\"https:\/\/www.gardenz.fr\/news\/2026\/04\/14\/cbd-allergie-pollen\/\">\r\n\t\t\t\t<img decoding=\"async\" src=\"https:\/\/www.gardenz.fr\/news\/wp-content\/uploads\/2026\/04\/cbd-et-pollen-allergies-1-640x480.webp\" class=\"bdpp-img bdpp-post-feat-img\" alt=\"CBD et allergie au pollen\" \/>\r\n\t\t\t\t\t\t\t<\/a>\r\n\t\t<\/div>\r\n\t\t\t\t<div class=\"bdpp-post-cats\"><a class=\"bdpp-post-cat-link bdpp-post-cat-22 bdpp-post-cat-produits\" href=\"https:\/\/www.gardenz.fr\/news\/category\/produits\/\">FLEURS &amp; RESINE<\/a><\/div>\r\n\t\t\r\n\t\t<h2 class=\"bdpp-post-title\">\r\n\t\t\t<a href=\"https:\/\/www.gardenz.fr\/news\/2026\/04\/14\/cbd-allergie-pollen\/\">CBD et allergie au pollen<\/a>\r\n\t\t<\/h2>\r\n\r\n\t\t\t\t<div class=\"bdpp-post-meta bdpp-post-meta-up\">\r\n\t\t\t<span class=\"bdpp-post-meta-data bdpp-post-author\"><i class=\"bdpp-fa fa-solid fa-user\"><\/i>Mathis<\/span><span class=\"bdpp-post-meta-sep\"> &ndash; <\/span><span class=\"bdpp-post-meta-data bdpp-post-date\"><i class=\"bdpp-fa fa-regular fa-clock\"><\/i>14 avril 2026<\/span>\t\t<\/div>\r\n\t\t\t\t<div class=\"bdpp-post-content\">\r\n\t\t\t<div class=\"bdpp-post-desc\">R\u00e9ponse rapide CBD et allergie au pollen : les points essentiels Le CBD peut-il aider avec l&#39;allergie au pollen ?...<\/div>\r\n\t\t\t\t\t\t<a href=\"https:\/\/www.gardenz.fr\/news\/2026\/04\/14\/cbd-allergie-pollen\/\" class=\"bdpp-rdmr-btn\">Lire la suite<\/a>\r\n\t\t\t\t\t<\/div>\r\n\t\t\t<\/div>\r\n<\/div><div class=\"bdpp-post-grid bdpp-col-3 bdpp-columns bdpp-post-21556 bdpp-post-standard bdpp-has-thumb\">\r\n\t<div class=\"bdpp-post-grid-content\">\r\n\t\t\t\t<div class=\"bdpp-post-img-bg\">\r\n\t\t\t<a href=\"https:\/\/www.gardenz.fr\/news\/2026\/04\/10\/fleur-ou-resine-cbd-guide-comparatif\/\">\r\n\t\t\t\t<img decoding=\"async\" src=\"https:\/\/www.gardenz.fr\/news\/wp-content\/uploads\/2026\/04\/Resine-CBD-ou-fleur-CBD-_-640x480.webp\" class=\"bdpp-img bdpp-post-feat-img\" alt=\"Fleur ou r\u00e9sine CBD : guide comparatif pour faire le bon choix\" \/>\r\n\t\t\t\t\t\t\t<\/a>\r\n\t\t<\/div>\r\n\t\t\t\t<div class=\"bdpp-post-cats\"><a class=\"bdpp-post-cat-link bdpp-post-cat-22 bdpp-post-cat-produits\" href=\"https:\/\/www.gardenz.fr\/news\/category\/produits\/\">FLEURS &amp; RESINE<\/a> <a class=\"bdpp-post-cat-link bdpp-post-cat-24 bdpp-post-cat-guide-achat\" href=\"https:\/\/www.gardenz.fr\/news\/category\/guide-achat\/\">GUIDE D&#039;ACHAT<\/a><\/div>\r\n\t\t\r\n\t\t<h2 class=\"bdpp-post-title\">\r\n\t\t\t<a href=\"https:\/\/www.gardenz.fr\/news\/2026\/04\/10\/fleur-ou-resine-cbd-guide-comparatif\/\">Fleur ou r\u00e9sine CBD : guide comparatif pour faire le bon choix<\/a>\r\n\t\t<\/h2>\r\n\r\n\t\t\t\t<div class=\"bdpp-post-meta bdpp-post-meta-up\">\r\n\t\t\t<span class=\"bdpp-post-meta-data bdpp-post-author\"><i class=\"bdpp-fa fa-solid fa-user\"><\/i>Mathis<\/span><span class=\"bdpp-post-meta-sep\"> &ndash; <\/span><span class=\"bdpp-post-meta-data bdpp-post-date\"><i class=\"bdpp-fa fa-regular fa-clock\"><\/i>10 avril 2026<\/span>\t\t<\/div>\r\n\t\t\t\t<div class=\"bdpp-post-content\">\r\n\t\t\t<div class=\"bdpp-post-desc\">Par Mathis \u2014 R\u00e9dacteur chez Gardenz depuis 2019 | Avril 2026 | Mise \u00e0 jour : Avril 2026 Information :...<\/div>\r\n\t\t\t\t\t\t<a href=\"https:\/\/www.gardenz.fr\/news\/2026\/04\/10\/fleur-ou-resine-cbd-guide-comparatif\/\" class=\"bdpp-rdmr-btn\">Lire la suite<\/a>\r\n\t\t\t\t\t<\/div>\r\n\t\t\t<\/div>\r\n<\/div><div class=\"bdpp-post-grid bdpp-col-3 bdpp-columns bdpp-post-21521 bdpp-post-standard bdpp-has-thumb\">\r\n\t<div class=\"bdpp-post-grid-content\">\r\n\t\t\t\t<div class=\"bdpp-post-img-bg\">\r\n\t\t\t<a href=\"https:\/\/www.gardenz.fr\/news\/2026\/04\/08\/lire-analyse-laboratoire-cbd-coa\/\">\r\n\t\t\t\t<img decoding=\"async\" src=\"https:\/\/www.gardenz.fr\/news\/wp-content\/uploads\/2026\/04\/Certificat-analyse-CBD-COA-640x480.webp\" class=\"bdpp-img bdpp-post-feat-img\" alt=\"Comment lire une analyse laboratoire CBD (COA)\" \/>\r\n\t\t\t\t\t\t\t<\/a>\r\n\t\t<\/div>\r\n\t\t\t\t<div class=\"bdpp-post-cats\"><a class=\"bdpp-post-cat-link bdpp-post-cat-23 bdpp-post-cat-infos\" href=\"https:\/\/www.gardenz.fr\/news\/category\/infos\/\">INFOS WEED<\/a><\/div>\r\n\t\t\r\n\t\t<h2 class=\"bdpp-post-title\">\r\n\t\t\t<a href=\"https:\/\/www.gardenz.fr\/news\/2026\/04\/08\/lire-analyse-laboratoire-cbd-coa\/\">Comment lire une analyse laboratoire CBD (COA)<\/a>\r\n\t\t<\/h2>\r\n\r\n\t\t\t\t<div class=\"bdpp-post-meta bdpp-post-meta-up\">\r\n\t\t\t<span class=\"bdpp-post-meta-data bdpp-post-author\"><i class=\"bdpp-fa fa-solid fa-user\"><\/i>Mathis<\/span><span class=\"bdpp-post-meta-sep\"> &ndash; <\/span><span class=\"bdpp-post-meta-data bdpp-post-date\"><i class=\"bdpp-fa fa-regular fa-clock\"><\/i>8 avril 2026<\/span>\t\t<\/div>\r\n\t\t\t\t<div class=\"bdpp-post-content\">\r\n\t\t\t<div class=\"bdpp-post-desc\">Par Mathis \u2014 R\u00e9dacteur chez Gardenz depuis 2019 | Avril 2026 | Mise \u00e0 jour : Avril 2026Information : cet...<\/div>\r\n\t\t\t\t\t\t<a href=\"https:\/\/www.gardenz.fr\/news\/2026\/04\/08\/lire-analyse-laboratoire-cbd-coa\/\" class=\"bdpp-rdmr-btn\">Lire la suite<\/a>\r\n\t\t\t\t\t<\/div>\r\n\t\t\t<\/div>\r\n<\/div><div class=\"bdpp-post-grid bdpp-col-3 bdpp-columns bdpp-post-21505 bdpp-post-standard bdpp-first bdpp-has-thumb\">\r\n\t<div class=\"bdpp-post-grid-content\">\r\n\t\t\t\t<div class=\"bdpp-post-img-bg\">\r\n\t\t\t<a href=\"https:\/\/www.gardenz.fr\/news\/2026\/04\/04\/cbd-composes-bioactifs\/\">\r\n\t\t\t\t<img decoding=\"async\" src=\"https:\/\/www.gardenz.fr\/news\/wp-content\/uploads\/2026\/04\/CBD-et-composes-bioactifs-1-640x480.webp\" class=\"bdpp-img bdpp-post-feat-img\" alt=\"CBD et compos\u00e9s bioactifs commun avec le cannabidiol\" \/>\r\n\t\t\t\t\t\t\t<\/a>\r\n\t\t<\/div>\r\n\t\t\t\t<div class=\"bdpp-post-cats\"><a class=\"bdpp-post-cat-link bdpp-post-cat-20 bdpp-post-cat-recette-cbd\" href=\"https:\/\/www.gardenz.fr\/news\/category\/recette-cbd\/\">RECETTES AU CBD<\/a><\/div>\r\n\t\t\r\n\t\t<h2 class=\"bdpp-post-title\">\r\n\t\t\t<a href=\"https:\/\/www.gardenz.fr\/news\/2026\/04\/04\/cbd-composes-bioactifs\/\">CBD et compos\u00e9s bioactifs commun avec le cannabidiol<\/a>\r\n\t\t<\/h2>\r\n\r\n\t\t\t\t<div class=\"bdpp-post-meta bdpp-post-meta-up\">\r\n\t\t\t<span class=\"bdpp-post-meta-data bdpp-post-author\"><i class=\"bdpp-fa fa-solid fa-user\"><\/i>Mathis<\/span><span class=\"bdpp-post-meta-sep\"> &ndash; <\/span><span class=\"bdpp-post-meta-data bdpp-post-date\"><i class=\"bdpp-fa fa-regular fa-clock\"><\/i>4 avril 2026<\/span>\t\t<\/div>\r\n\t\t\t\t<div class=\"bdpp-post-content\">\r\n\t\t\t<div class=\"bdpp-post-desc\">Information importante : cet article est \u00e0 vis\u00e9e informative. Les produits CBD Gardenz ne sont pas des m\u00e9dicaments. Ils ne...<\/div>\r\n\t\t\t\t\t\t<a href=\"https:\/\/www.gardenz.fr\/news\/2026\/04\/04\/cbd-composes-bioactifs\/\" class=\"bdpp-rdmr-btn\">Lire la suite<\/a>\r\n\t\t\t\t\t<\/div>\r\n\t\t\t<\/div>\r\n<\/div><div class=\"bdpp-post-grid bdpp-col-3 bdpp-columns bdpp-post-21494 bdpp-post-standard bdpp-has-thumb\">\r\n\t<div class=\"bdpp-post-grid-content\">\r\n\t\t\t\t<div class=\"bdpp-post-img-bg\">\r\n\t\t\t<a href=\"https:\/\/www.gardenz.fr\/news\/2026\/04\/03\/weed\/\">\r\n\t\t\t\t<img decoding=\"async\" src=\"https:\/\/www.gardenz.fr\/news\/wp-content\/uploads\/2026\/04\/Laweed-640x480.webp\" class=\"bdpp-img bdpp-post-feat-img\" alt=\"Weed : d\u00e9finition, effets, diff\u00e9rence avec le CBD et cadre l\u00e9gal en France en 2026\" \/>\r\n\t\t\t\t\t\t\t<\/a>\r\n\t\t<\/div>\r\n\t\t\t\t<div class=\"bdpp-post-cats\"><a class=\"bdpp-post-cat-link bdpp-post-cat-22 bdpp-post-cat-produits\" href=\"https:\/\/www.gardenz.fr\/news\/category\/produits\/\">FLEURS &amp; RESINE<\/a> <a class=\"bdpp-post-cat-link bdpp-post-cat-23 bdpp-post-cat-infos\" href=\"https:\/\/www.gardenz.fr\/news\/category\/infos\/\">INFOS WEED<\/a><\/div>\r\n\t\t\r\n\t\t<h2 class=\"bdpp-post-title\">\r\n\t\t\t<a href=\"https:\/\/www.gardenz.fr\/news\/2026\/04\/03\/weed\/\">Weed : d\u00e9finition, effets, diff\u00e9rence avec le CBD et cadre l\u00e9gal en France en 2026<\/a>\r\n\t\t<\/h2>\r\n\r\n\t\t\t\t<div class=\"bdpp-post-meta bdpp-post-meta-up\">\r\n\t\t\t<span class=\"bdpp-post-meta-data bdpp-post-author\"><i class=\"bdpp-fa fa-solid fa-user\"><\/i>Mathis<\/span><span class=\"bdpp-post-meta-sep\"> &ndash; <\/span><span class=\"bdpp-post-meta-data bdpp-post-date\"><i class=\"bdpp-fa fa-regular fa-clock\"><\/i>3 avril 2026<\/span>\t\t<\/div>\r\n\t\t\t\t<div class=\"bdpp-post-content\">\r\n\t\t\t<div class=\"bdpp-post-desc\">Par Mathis \u2014 R\u00e9dacteur chez Gardenz depuis 2019 | Avril 2026 | Mise \u00e0 jour : Avril 2026 Information l\u00e9gale...<\/div>\r\n\t\t\t\t\t\t<a href=\"https:\/\/www.gardenz.fr\/news\/2026\/04\/03\/weed\/\" class=\"bdpp-rdmr-btn\">Lire la suite<\/a>\r\n\t\t\t\t\t<\/div>\r\n\t\t\t<\/div>\r\n<\/div><div class=\"bdpp-post-grid bdpp-col-3 bdpp-columns bdpp-post-21488 bdpp-post-standard bdpp-has-thumb\">\r\n\t<div class=\"bdpp-post-grid-content\">\r\n\t\t\t\t<div class=\"bdpp-post-img-bg\">\r\n\t\t\t<a href=\"https:\/\/www.gardenz.fr\/news\/2026\/04\/02\/ouvrir-boutique-cbd-franchise\/\">\r\n\t\t\t\t<img decoding=\"async\" src=\"https:\/\/www.gardenz.fr\/news\/wp-content\/uploads\/2026\/04\/CBD-2026-640x480.webp\" class=\"bdpp-img bdpp-post-feat-img\" alt=\"March\u00e9 du CBD en France en 2026 : chiffres, tendances et opportunit\u00e9s business\" \/>\r\n\t\t\t\t\t\t\t<\/a>\r\n\t\t<\/div>\r\n\t\t\t\t<div class=\"bdpp-post-cats\"><a class=\"bdpp-post-cat-link bdpp-post-cat-21 bdpp-post-cat-events\" href=\"https:\/\/www.gardenz.fr\/news\/category\/events\/\">ACTUALITES CBD<\/a> <a class=\"bdpp-post-cat-link bdpp-post-cat-23 bdpp-post-cat-infos\" href=\"https:\/\/www.gardenz.fr\/news\/category\/infos\/\">INFOS WEED<\/a><\/div>\r\n\t\t\r\n\t\t<h2 class=\"bdpp-post-title\">\r\n\t\t\t<a href=\"https:\/\/www.gardenz.fr\/news\/2026\/04\/02\/ouvrir-boutique-cbd-franchise\/\">March\u00e9 du CBD en France en 2026 : chiffres, tendances et opportunit\u00e9s business<\/a>\r\n\t\t<\/h2>\r\n\r\n\t\t\t\t<div class=\"bdpp-post-meta bdpp-post-meta-up\">\r\n\t\t\t<span class=\"bdpp-post-meta-data bdpp-post-author\"><i class=\"bdpp-fa fa-solid fa-user\"><\/i>Mathis<\/span><span class=\"bdpp-post-meta-sep\"> &ndash; <\/span><span class=\"bdpp-post-meta-data bdpp-post-date\"><i class=\"bdpp-fa fa-regular fa-clock\"><\/i>2 avril 2026<\/span>\t\t<\/div>\r\n\t\t\t\t<div class=\"bdpp-post-content\">\r\n\t\t\t<div class=\"bdpp-post-desc\">Par Mathis \u2014 R\u00e9dacteur chez Gardenz depuis 2019 | Avril 2026 | Mise \u00e0 jour : Avril 2026 Le march\u00e9...<\/div>\r\n\t\t\t\t\t\t<a href=\"https:\/\/www.gardenz.fr\/news\/2026\/04\/02\/ouvrir-boutique-cbd-franchise\/\" class=\"bdpp-rdmr-btn\">Lire la suite<\/a>\r\n\t\t\t\t\t<\/div>\r\n\t\t\t<\/div>\r\n<\/div><div class=\"bdpp-post-grid bdpp-col-3 bdpp-columns bdpp-post-21461 bdpp-post-standard bdpp-first bdpp-has-thumb\">\r\n\t<div class=\"bdpp-post-grid-content\">\r\n\t\t\t\t<div class=\"bdpp-post-img-bg\">\r\n\t\t\t<a href=\"https:\/\/www.gardenz.fr\/news\/2026\/04\/01\/cbd-pour-seniors\/\">\r\n\t\t\t\t<img decoding=\"async\" src=\"https:\/\/www.gardenz.fr\/news\/wp-content\/uploads\/2026\/04\/CBD-pour-seniors-640x480.webp\" class=\"bdpp-img bdpp-post-feat-img\" alt=\"CBD pour les seniors : guide complet 2026 pour bien d\u00e9buter\" \/>\r\n\t\t\t\t\t\t\t<\/a>\r\n\t\t<\/div>\r\n\t\t\t\t<div class=\"bdpp-post-cats\"><a class=\"bdpp-post-cat-link bdpp-post-cat-21 bdpp-post-cat-events\" href=\"https:\/\/www.gardenz.fr\/news\/category\/events\/\">ACTUALITES CBD<\/a> <a class=\"bdpp-post-cat-link bdpp-post-cat-24 bdpp-post-cat-guide-achat\" href=\"https:\/\/www.gardenz.fr\/news\/category\/guide-achat\/\">GUIDE D&#039;ACHAT<\/a> <a class=\"bdpp-post-cat-link bdpp-post-cat-23 bdpp-post-cat-infos\" href=\"https:\/\/www.gardenz.fr\/news\/category\/infos\/\">INFOS WEED<\/a><\/div>\r\n\t\t\r\n\t\t<h2 class=\"bdpp-post-title\">\r\n\t\t\t<a href=\"https:\/\/www.gardenz.fr\/news\/2026\/04\/01\/cbd-pour-seniors\/\">CBD pour les seniors : guide complet 2026 pour bien d\u00e9buter<\/a>\r\n\t\t<\/h2>\r\n\r\n\t\t\t\t<div class=\"bdpp-post-meta bdpp-post-meta-up\">\r\n\t\t\t<span class=\"bdpp-post-meta-data bdpp-post-author\"><i class=\"bdpp-fa fa-solid fa-user\"><\/i>Mathis<\/span><span class=\"bdpp-post-meta-sep\"> &ndash; <\/span><span class=\"bdpp-post-meta-data bdpp-post-date\"><i class=\"bdpp-fa fa-regular fa-clock\"><\/i>1 avril 2026<\/span>\t\t<\/div>\r\n\t\t\t\t<div class=\"bdpp-post-content\">\r\n\t\t\t<div class=\"bdpp-post-desc\">Par Mathis \u2014 R\u00e9dacteur chez Gardenz depuis 2019 | Avril 2026 | Mise \u00e0 jour : Avril 2026Avertissement m\u00e9dical :...<\/div>\r\n\t\t\t\t\t\t<a href=\"https:\/\/www.gardenz.fr\/news\/2026\/04\/01\/cbd-pour-seniors\/\" class=\"bdpp-rdmr-btn\">Lire la suite<\/a>\r\n\t\t\t\t\t<\/div>\r\n\t\t\t<\/div>\r\n<\/div><div class=\"bdpp-post-grid bdpp-col-3 bdpp-columns bdpp-post-21363 bdpp-post-standard bdpp-has-thumb\">\r\n\t<div class=\"bdpp-post-grid-content\">\r\n\t\t\t\t<div class=\"bdpp-post-img-bg\">\r\n\t\t\t<a href=\"https:\/\/www.gardenz.fr\/news\/2026\/03\/27\/cbd-sport-recuperation-musculaire-inflammation-performance\/\">\r\n\t\t\t\t<img decoding=\"async\" src=\"https:\/\/www.gardenz.fr\/news\/wp-content\/uploads\/2026\/03\/CBD-et-sport-1-640x480.webp\" class=\"bdpp-img bdpp-post-feat-img\" alt=\"CBD et sport : r\u00e9cup\u00e9ration, inflammation, dopage\" \/>\r\n\t\t\t\t\t\t\t<\/a>\r\n\t\t<\/div>\r\n\t\t\t\t<div class=\"bdpp-post-cats\"><a class=\"bdpp-post-cat-link bdpp-post-cat-21 bdpp-post-cat-events\" href=\"https:\/\/www.gardenz.fr\/news\/category\/events\/\">ACTUALITES CBD<\/a> <a class=\"bdpp-post-cat-link bdpp-post-cat-23 bdpp-post-cat-infos\" href=\"https:\/\/www.gardenz.fr\/news\/category\/infos\/\">INFOS WEED<\/a><\/div>\r\n\t\t\r\n\t\t<h2 class=\"bdpp-post-title\">\r\n\t\t\t<a href=\"https:\/\/www.gardenz.fr\/news\/2026\/03\/27\/cbd-sport-recuperation-musculaire-inflammation-performance\/\">CBD et sport : r\u00e9cup\u00e9ration, inflammation, dopage<\/a>\r\n\t\t<\/h2>\r\n\r\n\t\t\t\t<div class=\"bdpp-post-meta bdpp-post-meta-up\">\r\n\t\t\t<span class=\"bdpp-post-meta-data bdpp-post-author\"><i class=\"bdpp-fa fa-solid fa-user\"><\/i>Mathis<\/span><span class=\"bdpp-post-meta-sep\"> &ndash; <\/span><span class=\"bdpp-post-meta-data bdpp-post-date\"><i class=\"bdpp-fa fa-regular fa-clock\"><\/i>27 mars 2026<\/span>\t\t<\/div>\r\n\t\t\t\t<div class=\"bdpp-post-content\">\r\n\t\t\t<div class=\"bdpp-post-desc\">Par Mathis \u2014 R\u00e9dacteur chez Gardenz depuis 2019 | Mars 2026 | Mise \u00e0 jour : Mars 2026\u26a0\ufe0f Avertissement m\u00e9dical...<\/div>\r\n\t\t\t\t\t\t<a href=\"https:\/\/www.gardenz.fr\/news\/2026\/03\/27\/cbd-sport-recuperation-musculaire-inflammation-performance\/\" class=\"bdpp-rdmr-btn\">Lire la suite<\/a>\r\n\t\t\t\t\t<\/div>\r\n\t\t\t<\/div>\r\n<\/div><div class=\"bdpp-post-grid bdpp-col-3 bdpp-columns bdpp-post-21354 bdpp-post-standard bdpp-has-thumb\">\r\n\t<div class=\"bdpp-post-grid-content\">\r\n\t\t\t\t<div class=\"bdpp-post-img-bg\">\r\n\t\t\t<a href=\"https:\/\/www.gardenz.fr\/news\/2026\/03\/26\/cbd-sommeil-insomnie-cycles-circadiens-etudes\/\">\r\n\t\t\t\t<img decoding=\"async\" src=\"https:\/\/www.gardenz.fr\/news\/wp-content\/uploads\/2026\/03\/LCBD-et-sommeil-insomnie-640x480.webp\" class=\"bdpp-img bdpp-post-feat-img\" alt=\"CBD et sommeil : insomnie, CBN et qualit\u00e9 du repos\" \/>\r\n\t\t\t\t\t\t\t<\/a>\r\n\t\t<\/div>\r\n\t\t\t\t<div class=\"bdpp-post-cats\"><a class=\"bdpp-post-cat-link bdpp-post-cat-22 bdpp-post-cat-produits\" href=\"https:\/\/www.gardenz.fr\/news\/category\/produits\/\">FLEURS &amp; RESINE<\/a> <a class=\"bdpp-post-cat-link bdpp-post-cat-23 bdpp-post-cat-infos\" href=\"https:\/\/www.gardenz.fr\/news\/category\/infos\/\">INFOS WEED<\/a><\/div>\r\n\t\t\r\n\t\t<h2 class=\"bdpp-post-title\">\r\n\t\t\t<a href=\"https:\/\/www.gardenz.fr\/news\/2026\/03\/26\/cbd-sommeil-insomnie-cycles-circadiens-etudes\/\">CBD et sommeil : insomnie, CBN et qualit\u00e9 du repos<\/a>\r\n\t\t<\/h2>\r\n\r\n\t\t\t\t<div class=\"bdpp-post-meta bdpp-post-meta-up\">\r\n\t\t\t<span class=\"bdpp-post-meta-data bdpp-post-author\"><i class=\"bdpp-fa fa-solid fa-user\"><\/i>Mathis<\/span><span class=\"bdpp-post-meta-sep\"> &ndash; <\/span><span class=\"bdpp-post-meta-data bdpp-post-date\"><i class=\"bdpp-fa fa-regular fa-clock\"><\/i>26 mars 2026<\/span>\t\t<\/div>\r\n\t\t\t\t<div class=\"bdpp-post-content\">\r\n\t\t\t<div class=\"bdpp-post-desc\">Par Mathis \u2014 R\u00e9dacteur chez Gardenz depuis 2019 | Mars 2026 | Mise \u00e0 jour : Mars 2026\u26a0\ufe0f Avertissement m\u00e9dical...<\/div>\r\n\t\t\t\t\t\t<a href=\"https:\/\/www.gardenz.fr\/news\/2026\/03\/26\/cbd-sommeil-insomnie-cycles-circadiens-etudes\/\" class=\"bdpp-rdmr-btn\">Lire la suite<\/a>\r\n\t\t\t\t\t<\/div>\r\n\t\t\t<\/div>\r\n<\/div><div class=\"bdpp-post-grid bdpp-col-3 bdpp-columns bdpp-post-21353 bdpp-post-standard bdpp-first bdpp-has-thumb\">\r\n\t<div class=\"bdpp-post-grid-content\">\r\n\t\t\t\t<div class=\"bdpp-post-img-bg\">\r\n\t\t\t<a href=\"https:\/\/www.gardenz.fr\/news\/2026\/03\/25\/effets-secondaires-cbd\/\">\r\n\t\t\t\t<img decoding=\"async\" src=\"https:\/\/www.gardenz.fr\/news\/wp-content\/uploads\/2026\/03\/Effets-secondaires-CBD-640x480.webp\" class=\"bdpp-img bdpp-post-feat-img\" alt=\"Effets secondaires CBD : ce qu&rsquo;on ne te dit pas\" \/>\r\n\t\t\t\t\t\t\t<\/a>\r\n\t\t<\/div>\r\n\t\t\t\t<div class=\"bdpp-post-cats\"><a class=\"bdpp-post-cat-link bdpp-post-cat-21 bdpp-post-cat-events\" href=\"https:\/\/www.gardenz.fr\/news\/category\/events\/\">ACTUALITES CBD<\/a> <a class=\"bdpp-post-cat-link bdpp-post-cat-23 bdpp-post-cat-infos\" href=\"https:\/\/www.gardenz.fr\/news\/category\/infos\/\">INFOS WEED<\/a><\/div>\r\n\t\t\r\n\t\t<h2 class=\"bdpp-post-title\">\r\n\t\t\t<a href=\"https:\/\/www.gardenz.fr\/news\/2026\/03\/25\/effets-secondaires-cbd\/\">Effets secondaires CBD : ce qu&rsquo;on ne te dit pas<\/a>\r\n\t\t<\/h2>\r\n\r\n\t\t\t\t<div class=\"bdpp-post-meta bdpp-post-meta-up\">\r\n\t\t\t<span class=\"bdpp-post-meta-data bdpp-post-author\"><i class=\"bdpp-fa fa-solid fa-user\"><\/i>Mathis<\/span><span class=\"bdpp-post-meta-sep\"> &ndash; <\/span><span class=\"bdpp-post-meta-data bdpp-post-date\"><i class=\"bdpp-fa fa-regular fa-clock\"><\/i>25 mars 2026<\/span>\t\t<\/div>\r\n\t\t\t\t<div class=\"bdpp-post-content\">\r\n\t\t\t<div class=\"bdpp-post-desc\">Par Mathis \u2014 R\u00e9dacteur chez Gardenz depuis 2019 | Mars 2026 | Mise \u00e0 jour : Mars 2026\u26a0\ufe0f Avertissement m\u00e9dical...<\/div>\r\n\t\t\t\t\t\t<a href=\"https:\/\/www.gardenz.fr\/news\/2026\/03\/25\/effets-secondaires-cbd\/\" class=\"bdpp-rdmr-btn\">Lire la suite<\/a>\r\n\t\t\t\t\t<\/div>\r\n\t\t\t<\/div>\r\n<\/div><div class=\"bdpp-post-grid bdpp-col-3 bdpp-columns bdpp-post-21347 bdpp-post-standard bdpp-has-thumb\">\r\n\t<div class=\"bdpp-post-grid-content\">\r\n\t\t\t\t<div class=\"bdpp-post-img-bg\">\r\n\t\t\t<a href=\"https:\/\/www.gardenz.fr\/news\/2026\/03\/23\/dosage-cbd-trouver-sa-dose\/\">\r\n\t\t\t\t<img decoding=\"async\" src=\"https:\/\/www.gardenz.fr\/news\/wp-content\/uploads\/2026\/03\/Dosage-CBD-trouver-sa-dose-640x480.webp\" class=\"bdpp-img bdpp-post-feat-img\" alt=\"Dosage CBD : trouver sa dose efficace selon son profil\" \/>\r\n\t\t\t\t\t\t\t<\/a>\r\n\t\t<\/div>\r\n\t\t\t\t<div class=\"bdpp-post-cats\"><a class=\"bdpp-post-cat-link bdpp-post-cat-21 bdpp-post-cat-events\" href=\"https:\/\/www.gardenz.fr\/news\/category\/events\/\">ACTUALITES CBD<\/a> <a class=\"bdpp-post-cat-link bdpp-post-cat-22 bdpp-post-cat-produits\" href=\"https:\/\/www.gardenz.fr\/news\/category\/produits\/\">FLEURS &amp; RESINE<\/a> <a class=\"bdpp-post-cat-link bdpp-post-cat-23 bdpp-post-cat-infos\" href=\"https:\/\/www.gardenz.fr\/news\/category\/infos\/\">INFOS WEED<\/a><\/div>\r\n\t\t\r\n\t\t<h2 class=\"bdpp-post-title\">\r\n\t\t\t<a href=\"https:\/\/www.gardenz.fr\/news\/2026\/03\/23\/dosage-cbd-trouver-sa-dose\/\">Dosage CBD : trouver sa dose efficace selon son profil<\/a>\r\n\t\t<\/h2>\r\n\r\n\t\t\t\t<div class=\"bdpp-post-meta bdpp-post-meta-up\">\r\n\t\t\t<span class=\"bdpp-post-meta-data bdpp-post-author\"><i class=\"bdpp-fa fa-solid fa-user\"><\/i>Mathis<\/span><span class=\"bdpp-post-meta-sep\"> &ndash; <\/span><span class=\"bdpp-post-meta-data bdpp-post-date\"><i class=\"bdpp-fa fa-regular fa-clock\"><\/i>23 mars 2026<\/span>\t\t<\/div>\r\n\t\t\t\t<div class=\"bdpp-post-content\">\r\n\t\t\t<div class=\"bdpp-post-desc\">Par Mathis \u2014 R\u00e9dacteur chez Gardenz depuis 2019 | Mars 2026 | Mise \u00e0 jour : Mars 2026 Avertissement m\u00e9dical...<\/div>\r\n\t\t\t\t\t\t<a href=\"https:\/\/www.gardenz.fr\/news\/2026\/03\/23\/dosage-cbd-trouver-sa-dose\/\" class=\"bdpp-rdmr-btn\">Lire la suite<\/a>\r\n\t\t\t\t\t<\/div>\r\n\t\t\t<\/div>\r\n<\/div><div class=\"bdpp-post-grid bdpp-col-3 bdpp-columns bdpp-post-21342 bdpp-post-standard bdpp-has-thumb\">\r\n\t<div class=\"bdpp-post-grid-content\">\r\n\t\t\t\t<div class=\"bdpp-post-img-bg\">\r\n\t\t\t<a href=\"https:\/\/www.gardenz.fr\/news\/2026\/03\/20\/cbd-bien-etre-mental-humeur-depression-legere\/\">\r\n\t\t\t\t<img decoding=\"async\" src=\"https:\/\/www.gardenz.fr\/news\/wp-content\/uploads\/2026\/03\/CBD-et-bien-etre-mental-640x480.webp\" class=\"bdpp-img bdpp-post-feat-img\" alt=\"CBD et bien-\u00eatre mental : humeur, d\u00e9pression l\u00e9g\u00e8re, \u00e9quilibre\" \/>\r\n\t\t\t\t\t\t\t<\/a>\r\n\t\t<\/div>\r\n\t\t\t\t<div class=\"bdpp-post-cats\"><a class=\"bdpp-post-cat-link bdpp-post-cat-21 bdpp-post-cat-events\" href=\"https:\/\/www.gardenz.fr\/news\/category\/events\/\">ACTUALITES CBD<\/a> <a class=\"bdpp-post-cat-link bdpp-post-cat-23 bdpp-post-cat-infos\" href=\"https:\/\/www.gardenz.fr\/news\/category\/infos\/\">INFOS WEED<\/a><\/div>\r\n\t\t\r\n\t\t<h2 class=\"bdpp-post-title\">\r\n\t\t\t<a href=\"https:\/\/www.gardenz.fr\/news\/2026\/03\/20\/cbd-bien-etre-mental-humeur-depression-legere\/\">CBD et bien-\u00eatre mental : humeur, d\u00e9pression l\u00e9g\u00e8re, \u00e9quilibre<\/a>\r\n\t\t<\/h2>\r\n\r\n\t\t\t\t<div class=\"bdpp-post-meta bdpp-post-meta-up\">\r\n\t\t\t<span class=\"bdpp-post-meta-data bdpp-post-author\"><i class=\"bdpp-fa fa-solid fa-user\"><\/i>Mathis<\/span><span class=\"bdpp-post-meta-sep\"> &ndash; <\/span><span class=\"bdpp-post-meta-data bdpp-post-date\"><i class=\"bdpp-fa fa-regular fa-clock\"><\/i>20 mars 2026<\/span>\t\t<\/div>\r\n\t\t\t\t<div class=\"bdpp-post-content\">\r\n\t\t\t<div class=\"bdpp-post-desc\">Par Mathis \u2014 R\u00e9dacteur chez Gardenz depuis 2019 | Mars 2026 | Mise \u00e0 jour : Mars 2026\u26a0\ufe0f Avertissement m\u00e9dical...<\/div>\r\n\t\t\t\t\t\t<a href=\"https:\/\/www.gardenz.fr\/news\/2026\/03\/20\/cbd-bien-etre-mental-humeur-depression-legere\/\" class=\"bdpp-rdmr-btn\">Lire la suite<\/a>\r\n\t\t\t\t\t<\/div>\r\n\t\t\t<\/div>\r\n<\/div><div class=\"bdpp-post-grid bdpp-col-3 bdpp-columns bdpp-post-21318 bdpp-post-standard bdpp-first bdpp-has-thumb\">\r\n\t<div class=\"bdpp-post-grid-content\">\r\n\t\t\t\t<div class=\"bdpp-post-img-bg\">\r\n\t\t\t<a href=\"https:\/\/www.gardenz.fr\/news\/2026\/03\/18\/cbd-et-stress-guide-complet\/\">\r\n\t\t\t\t<img decoding=\"async\" src=\"https:\/\/www.gardenz.fr\/news\/wp-content\/uploads\/2026\/03\/CBD-et-Stress-640x480.webp\" class=\"bdpp-img bdpp-post-feat-img\" alt=\"CBD et stress : comment \u00e7a marche vraiment ?\" \/>\r\n\t\t\t\t\t\t\t<\/a>\r\n\t\t<\/div>\r\n\t\t\t\t<div class=\"bdpp-post-cats\"><a class=\"bdpp-post-cat-link bdpp-post-cat-22 bdpp-post-cat-produits\" href=\"https:\/\/www.gardenz.fr\/news\/category\/produits\/\">FLEURS &amp; RESINE<\/a><\/div>\r\n\t\t\r\n\t\t<h2 class=\"bdpp-post-title\">\r\n\t\t\t<a href=\"https:\/\/www.gardenz.fr\/news\/2026\/03\/18\/cbd-et-stress-guide-complet\/\">CBD et stress : comment \u00e7a marche vraiment ?<\/a>\r\n\t\t<\/h2>\r\n\r\n\t\t\t\t<div class=\"bdpp-post-meta bdpp-post-meta-up\">\r\n\t\t\t<span class=\"bdpp-post-meta-data bdpp-post-author\"><i class=\"bdpp-fa fa-solid fa-user\"><\/i>Mathis<\/span><span class=\"bdpp-post-meta-sep\"> &ndash; <\/span><span class=\"bdpp-post-meta-data bdpp-post-date\"><i class=\"bdpp-fa fa-regular fa-clock\"><\/i>18 mars 2026<\/span>\t\t<\/div>\r\n\t\t\t\t<div class=\"bdpp-post-content\">\r\n\t\t\t<div class=\"bdpp-post-desc\">Par Mathis \u2014 R\u00e9dacteur sp\u00e9cialis\u00e9 chez Gardenz depuis 2019 | Mars 2026 | Mise \u00e0 jour : Mars 2026\u26a0\ufe0f Avertissement...<\/div>\r\n\t\t\t\t\t\t<a href=\"https:\/\/www.gardenz.fr\/news\/2026\/03\/18\/cbd-et-stress-guide-complet\/\" class=\"bdpp-rdmr-btn\">Lire la suite<\/a>\r\n\t\t\t\t\t<\/div>\r\n\t\t\t<\/div>\r\n<\/div><div class=\"bdpp-post-grid bdpp-col-3 bdpp-columns bdpp-post-21337 bdpp-post-standard bdpp-has-thumb\">\r\n\t<div class=\"bdpp-post-grid-content\">\r\n\t\t\t\t<div class=\"bdpp-post-img-bg\">\r\n\t\t\t<a href=\"https:\/\/www.gardenz.fr\/news\/2026\/03\/17\/cbd-douleurs-chroniques-fibromyalgie-arthrose-etudes\/\">\r\n\t\t\t\t<img decoding=\"async\" src=\"https:\/\/www.gardenz.fr\/news\/wp-content\/uploads\/2026\/03\/CBD-et-douleurs-chroniques-640x480.webp\" class=\"bdpp-img bdpp-post-feat-img\" alt=\"CBD et douleurs chroniques : fibromyalgie, arthrose, neuropathies\" \/>\r\n\t\t\t\t\t\t\t<\/a>\r\n\t\t<\/div>\r\n\t\t\t\t<div class=\"bdpp-post-cats\"><a class=\"bdpp-post-cat-link bdpp-post-cat-21 bdpp-post-cat-events\" href=\"https:\/\/www.gardenz.fr\/news\/category\/events\/\">ACTUALITES CBD<\/a> <a class=\"bdpp-post-cat-link bdpp-post-cat-23 bdpp-post-cat-infos\" href=\"https:\/\/www.gardenz.fr\/news\/category\/infos\/\">INFOS WEED<\/a><\/div>\r\n\t\t\r\n\t\t<h2 class=\"bdpp-post-title\">\r\n\t\t\t<a href=\"https:\/\/www.gardenz.fr\/news\/2026\/03\/17\/cbd-douleurs-chroniques-fibromyalgie-arthrose-etudes\/\">CBD et douleurs chroniques : fibromyalgie, arthrose, neuropathies<\/a>\r\n\t\t<\/h2>\r\n\r\n\t\t\t\t<div class=\"bdpp-post-meta bdpp-post-meta-up\">\r\n\t\t\t<span class=\"bdpp-post-meta-data bdpp-post-author\"><i class=\"bdpp-fa fa-solid fa-user\"><\/i>Mathis<\/span><span class=\"bdpp-post-meta-sep\"> &ndash; <\/span><span class=\"bdpp-post-meta-data bdpp-post-date\"><i class=\"bdpp-fa fa-regular fa-clock\"><\/i>17 mars 2026<\/span>\t\t<\/div>\r\n\t\t\t\t<div class=\"bdpp-post-content\">\r\n\t\t\t<div class=\"bdpp-post-desc\">Par Mathis \u2014 R\u00e9dacteur chez Gardenz depuis 2019 | Mars 2026 | Mise \u00e0 jour : Mars 2026 Avertissement m\u00e9dical...<\/div>\r\n\t\t\t\t\t\t<a href=\"https:\/\/www.gardenz.fr\/news\/2026\/03\/17\/cbd-douleurs-chroniques-fibromyalgie-arthrose-etudes\/\" class=\"bdpp-rdmr-btn\">Lire la suite<\/a>\r\n\t\t\t\t\t<\/div>\r\n\t\t\t<\/div>\r\n<\/div><div class=\"bdpp-post-grid bdpp-col-3 bdpp-columns bdpp-post-21293 bdpp-post-standard bdpp-has-thumb\">\r\n\t<div class=\"bdpp-post-grid-content\">\r\n\t\t\t\t<div class=\"bdpp-post-img-bg\">\r\n\t\t\t<a href=\"https:\/\/www.gardenz.fr\/news\/2026\/03\/16\/nl3-vs-h3-turbo\/\">\r\n\t\t\t\t<img decoding=\"async\" src=\"https:\/\/www.gardenz.fr\/news\/wp-content\/uploads\/2026\/03\/NL-3-VS-H3-Turbo-640x480.webp\" class=\"bdpp-img bdpp-post-feat-img\" alt=\"NL-3 vs H3 Turbo : quelles diff\u00e9rences ?\" \/>\r\n\t\t\t\t\t\t\t<\/a>\r\n\t\t<\/div>\r\n\t\t\t\t<div class=\"bdpp-post-cats\"><a class=\"bdpp-post-cat-link bdpp-post-cat-22 bdpp-post-cat-produits\" href=\"https:\/\/www.gardenz.fr\/news\/category\/produits\/\">FLEURS &amp; RESINE<\/a><\/div>\r\n\t\t\r\n\t\t<h2 class=\"bdpp-post-title\">\r\n\t\t\t<a href=\"https:\/\/www.gardenz.fr\/news\/2026\/03\/16\/nl3-vs-h3-turbo\/\">NL-3 vs H3 Turbo : quelles diff\u00e9rences ?<\/a>\r\n\t\t<\/h2>\r\n\r\n\t\t\t\t<div class=\"bdpp-post-meta bdpp-post-meta-up\">\r\n\t\t\t<span class=\"bdpp-post-meta-data bdpp-post-author\"><i class=\"bdpp-fa fa-solid fa-user\"><\/i>Mathis<\/span><span class=\"bdpp-post-meta-sep\"> &ndash; <\/span><span class=\"bdpp-post-meta-data bdpp-post-date\"><i class=\"bdpp-fa fa-regular fa-clock\"><\/i>16 mars 2026<\/span>\t\t<\/div>\r\n\t\t\t\t<div class=\"bdpp-post-content\">\r\n\t\t\t<div class=\"bdpp-post-desc\">Par l&#39;\u00e9quipe Gardenz \u2014 Mars 2026 | Mise \u00e0 jour : Mars 2026Tu vois passer NL-3 et H3 Turbo partout...<\/div>\r\n\t\t\t\t\t\t<a href=\"https:\/\/www.gardenz.fr\/news\/2026\/03\/16\/nl3-vs-h3-turbo\/\" class=\"bdpp-rdmr-btn\">Lire la suite<\/a>\r\n\t\t\t\t\t<\/div>\r\n\t\t\t<\/div>\r\n<\/div><div class=\"bdpp-post-grid bdpp-col-3 bdpp-columns bdpp-post-21277 bdpp-post-standard bdpp-first bdpp-has-thumb\">\r\n\t<div class=\"bdpp-post-grid-content\">\r\n\t\t\t\t<div class=\"bdpp-post-img-bg\">\r\n\t\t\t<a href=\"https:\/\/www.gardenz.fr\/news\/2026\/03\/16\/spannabis-2026-bilbao\/\">\r\n\t\t\t\t<img decoding=\"async\" src=\"https:\/\/www.gardenz.fr\/news\/wp-content\/uploads\/2026\/03\/spannabis-2026-640x480.webp\" class=\"bdpp-img bdpp-post-feat-img\" alt=\"Spannabis 2026 \u00e0 Bilbao\" \/>\r\n\t\t\t\t\t\t\t<\/a>\r\n\t\t<\/div>\r\n\t\t\t\t<div class=\"bdpp-post-cats\"><a class=\"bdpp-post-cat-link bdpp-post-cat-21 bdpp-post-cat-events\" href=\"https:\/\/www.gardenz.fr\/news\/category\/events\/\">ACTUALITES CBD<\/a> <a class=\"bdpp-post-cat-link bdpp-post-cat-23 bdpp-post-cat-infos\" href=\"https:\/\/www.gardenz.fr\/news\/category\/infos\/\">INFOS WEED<\/a><\/div>\r\n\t\t\r\n\t\t<h2 class=\"bdpp-post-title\">\r\n\t\t\t<a href=\"https:\/\/www.gardenz.fr\/news\/2026\/03\/16\/spannabis-2026-bilbao\/\">Spannabis 2026 \u00e0 Bilbao<\/a>\r\n\t\t<\/h2>\r\n\r\n\t\t\t\t<div class=\"bdpp-post-meta bdpp-post-meta-up\">\r\n\t\t\t<span class=\"bdpp-post-meta-data bdpp-post-author\"><i class=\"bdpp-fa fa-solid fa-user\"><\/i>Mathis<\/span><span class=\"bdpp-post-meta-sep\"> &ndash; <\/span><span class=\"bdpp-post-meta-data bdpp-post-date\"><i class=\"bdpp-fa fa-regular fa-clock\"><\/i>16 mars 2026<\/span>\t\t<\/div>\r\n\t\t\t\t<div class=\"bdpp-post-content\">\r\n\t\t\t<div class=\"bdpp-post-desc\">Par l&#39;\u00e9quipe Gardenz \u2014 Mars 2026 | Mise \u00e0 jour : Mars 2026 Spannabis 2026 \u00e0 Bilbao \u2014 Le Guide...<\/div>\r\n\t\t\t\t\t\t<a href=\"https:\/\/www.gardenz.fr\/news\/2026\/03\/16\/spannabis-2026-bilbao\/\" class=\"bdpp-rdmr-btn\">Lire la suite<\/a>\r\n\t\t\t\t\t<\/div>\r\n\t\t\t<\/div>\r\n<\/div><div class=\"bdpp-post-grid bdpp-col-3 bdpp-columns bdpp-post-21269 bdpp-post-standard bdpp-has-thumb\">\r\n\t<div class=\"bdpp-post-grid-content\">\r\n\t\t\t\t<div class=\"bdpp-post-img-bg\">\r\n\t\t\t<a href=\"https:\/\/www.gardenz.fr\/news\/2026\/03\/12\/cbd-et-medicaments\/\">\r\n\t\t\t\t<img decoding=\"async\" src=\"https:\/\/www.gardenz.fr\/news\/wp-content\/uploads\/2026\/03\/Cbd-medicaments-640x480.webp\" class=\"bdpp-img bdpp-post-feat-img\" alt=\"CBD et m\u00e9dicaments : interactions, pr\u00e9cautions et conseils par mol\u00e9cule\" \/>\r\n\t\t\t\t\t\t\t<\/a>\r\n\t\t<\/div>\r\n\t\t\t\t<div class=\"bdpp-post-cats\"><a class=\"bdpp-post-cat-link bdpp-post-cat-21 bdpp-post-cat-events\" href=\"https:\/\/www.gardenz.fr\/news\/category\/events\/\">ACTUALITES CBD<\/a> <a class=\"bdpp-post-cat-link bdpp-post-cat-23 bdpp-post-cat-infos\" href=\"https:\/\/www.gardenz.fr\/news\/category\/infos\/\">INFOS WEED<\/a><\/div>\r\n\t\t\r\n\t\t<h2 class=\"bdpp-post-title\">\r\n\t\t\t<a href=\"https:\/\/www.gardenz.fr\/news\/2026\/03\/12\/cbd-et-medicaments\/\">CBD et m\u00e9dicaments : interactions, pr\u00e9cautions et conseils par mol\u00e9cule<\/a>\r\n\t\t<\/h2>\r\n\r\n\t\t\t\t<div class=\"bdpp-post-meta bdpp-post-meta-up\">\r\n\t\t\t<span class=\"bdpp-post-meta-data bdpp-post-author\"><i class=\"bdpp-fa fa-solid fa-user\"><\/i>Mathis<\/span><span class=\"bdpp-post-meta-sep\"> &ndash; <\/span><span class=\"bdpp-post-meta-data bdpp-post-date\"><i class=\"bdpp-fa fa-regular fa-clock\"><\/i>12 mars 2026<\/span>\t\t<\/div>\r\n\t\t\t\t<div class=\"bdpp-post-content\">\r\n\t\t\t<div class=\"bdpp-post-desc\">Sommaire Comment le CBD interagit avec les m\u00e9dicaments Liste des m\u00e9dicaments concern\u00e9s par mol\u00e9cule CBD et antalgiques : Tramadol, parac\u00e9tamol,...<\/div>\r\n\t\t\t\t\t\t<a href=\"https:\/\/www.gardenz.fr\/news\/2026\/03\/12\/cbd-et-medicaments\/\" class=\"bdpp-rdmr-btn\">Lire la suite<\/a>\r\n\t\t\t\t\t<\/div>\r\n\t\t\t<\/div>\r\n<\/div><div class=\"bdpp-post-grid bdpp-col-3 bdpp-columns bdpp-post-21258 bdpp-post-standard bdpp-has-thumb\">\r\n\t<div class=\"bdpp-post-grid-content\">\r\n\t\t\t\t<div class=\"bdpp-post-img-bg\">\r\n\t\t\t<a href=\"https:\/\/www.gardenz.fr\/news\/2026\/03\/06\/cbd-hollyweed-pas-cher-us\/\">\r\n\t\t\t\t<img decoding=\"async\" src=\"https:\/\/www.gardenz.fr\/news\/wp-content\/uploads\/2026\/03\/Hollyweed-640x480.webp\" class=\"bdpp-img bdpp-post-feat-img\" alt=\"CBD Hollyweed pas cher \u2014 Fleurs &#038; R\u00e9sines d&rsquo;Origine US\" \/>\r\n\t\t\t\t\t\t\t<\/a>\r\n\t\t<\/div>\r\n\t\t\t\t<div class=\"bdpp-post-cats\"><a class=\"bdpp-post-cat-link bdpp-post-cat-21 bdpp-post-cat-events\" href=\"https:\/\/www.gardenz.fr\/news\/category\/events\/\">ACTUALITES CBD<\/a> <a class=\"bdpp-post-cat-link bdpp-post-cat-22 bdpp-post-cat-produits\" href=\"https:\/\/www.gardenz.fr\/news\/category\/produits\/\">FLEURS &amp; RESINE<\/a> <a class=\"bdpp-post-cat-link bdpp-post-cat-24 bdpp-post-cat-guide-achat\" href=\"https:\/\/www.gardenz.fr\/news\/category\/guide-achat\/\">GUIDE D&#039;ACHAT<\/a> <a class=\"bdpp-post-cat-link bdpp-post-cat-23 bdpp-post-cat-infos\" href=\"https:\/\/www.gardenz.fr\/news\/category\/infos\/\">INFOS WEED<\/a><\/div>\r\n\t\t\r\n\t\t<h2 class=\"bdpp-post-title\">\r\n\t\t\t<a href=\"https:\/\/www.gardenz.fr\/news\/2026\/03\/06\/cbd-hollyweed-pas-cher-us\/\">CBD Hollyweed pas cher \u2014 Fleurs &#038; R\u00e9sines d&rsquo;Origine US<\/a>\r\n\t\t<\/h2>\r\n\r\n\t\t\t\t<div class=\"bdpp-post-meta bdpp-post-meta-up\">\r\n\t\t\t<span class=\"bdpp-post-meta-data bdpp-post-author\"><i class=\"bdpp-fa fa-solid fa-user\"><\/i>Mathis<\/span><span class=\"bdpp-post-meta-sep\"> &ndash; <\/span><span class=\"bdpp-post-meta-data bdpp-post-date\"><i class=\"bdpp-fa fa-regular fa-clock\"><\/i>6 mars 2026<\/span>\t\t<\/div>\r\n\t\t\t\t<div class=\"bdpp-post-content\">\r\n\t\t\t<div class=\"bdpp-post-desc\">Sommaire Hollyweed : l&#39;origine du mot qui a tout chang\u00e9 Hollyweed CBD : ce que les gens cherchent vraiment Fleurs...<\/div>\r\n\t\t\t\t\t\t<a href=\"https:\/\/www.gardenz.fr\/news\/2026\/03\/06\/cbd-hollyweed-pas-cher-us\/\" class=\"bdpp-rdmr-btn\">Lire la suite<\/a>\r\n\t\t\t\t\t<\/div>\r\n\t\t\t<\/div>\r\n<\/div><div class=\"bdpp-post-grid bdpp-col-3 bdpp-columns bdpp-post-21238 bdpp-post-standard bdpp-first bdpp-has-thumb\">\r\n\t<div class=\"bdpp-post-grid-content\">\r\n\t\t\t\t<div class=\"bdpp-post-img-bg\">\r\n\t\t\t<a href=\"https:\/\/www.gardenz.fr\/news\/2026\/03\/05\/thv-n10-interdiction\/\">\r\n\t\t\t\t<img decoding=\"async\" src=\"https:\/\/www.gardenz.fr\/news\/wp-content\/uploads\/2026\/03\/THV-N10-640x480.webp\" class=\"bdpp-img bdpp-post-feat-img\" alt=\"THV-N10 : interdit en France, effets et alternatives 2026\" \/>\r\n\t\t\t\t\t\t\t<\/a>\r\n\t\t<\/div>\r\n\t\t\t\t<div class=\"bdpp-post-cats\"><a class=\"bdpp-post-cat-link bdpp-post-cat-21 bdpp-post-cat-events\" href=\"https:\/\/www.gardenz.fr\/news\/category\/events\/\">ACTUALITES CBD<\/a> <a class=\"bdpp-post-cat-link bdpp-post-cat-22 bdpp-post-cat-produits\" href=\"https:\/\/www.gardenz.fr\/news\/category\/produits\/\">FLEURS &amp; RESINE<\/a> <a class=\"bdpp-post-cat-link bdpp-post-cat-23 bdpp-post-cat-infos\" href=\"https:\/\/www.gardenz.fr\/news\/category\/infos\/\">INFOS WEED<\/a><\/div>\r\n\t\t\r\n\t\t<h2 class=\"bdpp-post-title\">\r\n\t\t\t<a href=\"https:\/\/www.gardenz.fr\/news\/2026\/03\/05\/thv-n10-interdiction\/\">THV-N10 : interdit en France, effets et alternatives 2026<\/a>\r\n\t\t<\/h2>\r\n\r\n\t\t\t\t<div class=\"bdpp-post-meta bdpp-post-meta-up\">\r\n\t\t\t<span class=\"bdpp-post-meta-data bdpp-post-author\"><i class=\"bdpp-fa fa-solid fa-user\"><\/i>Mathis<\/span><span class=\"bdpp-post-meta-sep\"> &ndash; <\/span><span class=\"bdpp-post-meta-data bdpp-post-date\"><i class=\"bdpp-fa fa-regular fa-clock\"><\/i>5 mars 2026<\/span>\t\t<\/div>\r\n\t\t\t\t<div class=\"bdpp-post-content\">\r\n\t\t\t<div class=\"bdpp-post-desc\">Sommaire Qu&#39;est-ce que le THV-N10 ? Quels \u00e9taient les effets du THV-N10 ? Pourquoi le THV-N10 est-il interdit en France...<\/div>\r\n\t\t\t\t\t\t<a href=\"https:\/\/www.gardenz.fr\/news\/2026\/03\/05\/thv-n10-interdiction\/\" class=\"bdpp-rdmr-btn\">Lire la suite<\/a>\r\n\t\t\t\t\t<\/div>\r\n\t\t\t<\/div>\r\n<\/div><div class=\"bdpp-post-grid bdpp-col-3 bdpp-columns bdpp-post-21228 bdpp-post-standard bdpp-has-thumb\">\r\n\t<div class=\"bdpp-post-grid-content\">\r\n\t\t\t\t<div class=\"bdpp-post-img-bg\">\r\n\t\t\t<a href=\"https:\/\/www.gardenz.fr\/news\/2026\/03\/05\/hct-cbd-cest-quoi\/\">\r\n\t\t\t\t<img decoding=\"async\" src=\"https:\/\/www.gardenz.fr\/news\/wp-content\/uploads\/2026\/03\/HCT-640x480.webp\" class=\"bdpp-img bdpp-post-feat-img\" alt=\"HCT CBD : c&rsquo;est quoi, effets, l\u00e9galit\u00e9 France 2026\" \/>\r\n\t\t\t\t\t\t\t<\/a>\r\n\t\t<\/div>\r\n\t\t\t\t<div class=\"bdpp-post-cats\"><a class=\"bdpp-post-cat-link bdpp-post-cat-21 bdpp-post-cat-events\" href=\"https:\/\/www.gardenz.fr\/news\/category\/events\/\">ACTUALITES CBD<\/a> <a class=\"bdpp-post-cat-link bdpp-post-cat-22 bdpp-post-cat-produits\" href=\"https:\/\/www.gardenz.fr\/news\/category\/produits\/\">FLEURS &amp; RESINE<\/a> <a class=\"bdpp-post-cat-link bdpp-post-cat-23 bdpp-post-cat-infos\" href=\"https:\/\/www.gardenz.fr\/news\/category\/infos\/\">INFOS WEED<\/a><\/div>\r\n\t\t\r\n\t\t<h2 class=\"bdpp-post-title\">\r\n\t\t\t<a href=\"https:\/\/www.gardenz.fr\/news\/2026\/03\/05\/hct-cbd-cest-quoi\/\">HCT CBD : c&rsquo;est quoi, effets, l\u00e9galit\u00e9 France 2026<\/a>\r\n\t\t<\/h2>\r\n\r\n\t\t\t\t<div class=\"bdpp-post-meta bdpp-post-meta-up\">\r\n\t\t\t<span class=\"bdpp-post-meta-data bdpp-post-author\"><i class=\"bdpp-fa fa-solid fa-user\"><\/i>Mathis<\/span><span class=\"bdpp-post-meta-sep\"> &ndash; <\/span><span class=\"bdpp-post-meta-data bdpp-post-date\"><i class=\"bdpp-fa fa-regular fa-clock\"><\/i>5 mars 2026<\/span>\t\t<\/div>\r\n\t\t\t\t<div class=\"bdpp-post-content\">\r\n\t\t\t<div class=\"bdpp-post-desc\">Sommaire Qu&#39;est-ce que le HCT CBD ? Quels sont les effets du HCT ? HCT vs THC, CBDX, 10-OH-HHC :...<\/div>\r\n\t\t\t\t\t\t<a href=\"https:\/\/www.gardenz.fr\/news\/2026\/03\/05\/hct-cbd-cest-quoi\/\" class=\"bdpp-rdmr-btn\">Lire la suite<\/a>\r\n\t\t\t\t\t<\/div>\r\n\t\t\t<\/div>\r\n<\/div><div class=\"bdpp-post-grid bdpp-col-3 bdpp-columns bdpp-post-21196 bdpp-post-standard bdpp-has-thumb\">\r\n\t<div class=\"bdpp-post-grid-content\">\r\n\t\t\t\t<div class=\"bdpp-post-img-bg\">\r\n\t\t\t<a href=\"https:\/\/www.gardenz.fr\/news\/2026\/03\/03\/puff-jnr-vs-thc\/\">\r\n\t\t\t\t<img decoding=\"async\" src=\"https:\/\/www.gardenz.fr\/news\/wp-content\/uploads\/2026\/03\/JNR-vs-THC-640x480.webp\" class=\"bdpp-img bdpp-post-feat-img\" alt=\"Puff JNR VS Puff THC : Quelles diff\u00e9rences ?\" \/>\r\n\t\t\t\t\t\t\t<\/a>\r\n\t\t<\/div>\r\n\t\t\t\t<div class=\"bdpp-post-cats\"><a class=\"bdpp-post-cat-link bdpp-post-cat-24 bdpp-post-cat-guide-achat\" href=\"https:\/\/www.gardenz.fr\/news\/category\/guide-achat\/\">GUIDE D&#039;ACHAT<\/a> <a class=\"bdpp-post-cat-link bdpp-post-cat-23 bdpp-post-cat-infos\" href=\"https:\/\/www.gardenz.fr\/news\/category\/infos\/\">INFOS WEED<\/a><\/div>\r\n\t\t\r\n\t\t<h2 class=\"bdpp-post-title\">\r\n\t\t\t<a href=\"https:\/\/www.gardenz.fr\/news\/2026\/03\/03\/puff-jnr-vs-thc\/\">Puff JNR VS Puff THC : Quelles diff\u00e9rences ?<\/a>\r\n\t\t<\/h2>\r\n\r\n\t\t\t\t<div class=\"bdpp-post-meta bdpp-post-meta-up\">\r\n\t\t\t<span class=\"bdpp-post-meta-data bdpp-post-author\"><i class=\"bdpp-fa fa-solid fa-user\"><\/i>Mathis<\/span><span class=\"bdpp-post-meta-sep\"> &ndash; <\/span><span class=\"bdpp-post-meta-data bdpp-post-date\"><i class=\"bdpp-fa fa-regular fa-clock\"><\/i>3 mars 2026<\/span>\t\t<\/div>\r\n\t\t\t\t<div class=\"bdpp-post-content\">\r\n\t\t\t<div class=\"bdpp-post-desc\">Sommaire Puff JNR : la nicotine dans un format jetable Composition et caract\u00e9ristiques de la puff JNR Les mod\u00e8les JNR...<\/div>\r\n\t\t\t\t\t\t<a href=\"https:\/\/www.gardenz.fr\/news\/2026\/03\/03\/puff-jnr-vs-thc\/\" class=\"bdpp-rdmr-btn\">Lire la suite<\/a>\r\n\t\t\t\t\t<\/div>\r\n\t\t\t<\/div>\r\n<\/div><div class=\"bdpp-post-grid bdpp-col-3 bdpp-columns bdpp-post-21187 bdpp-post-standard bdpp-first bdpp-has-thumb\">\r\n\t<div class=\"bdpp-post-grid-content\">\r\n\t\t\t\t<div class=\"bdpp-post-img-bg\">\r\n\t\t\t<a href=\"https:\/\/www.gardenz.fr\/news\/2026\/02\/26\/10-0h-hhc-effets\/\">\r\n\t\t\t\t<img decoding=\"async\" src=\"https:\/\/www.gardenz.fr\/news\/wp-content\/uploads\/2026\/02\/Molecules-alternatives-640x480.webp\" class=\"bdpp-img bdpp-post-feat-img\" alt=\"10-OH-HHC : plus fort que le THC ?\" \/>\r\n\t\t\t\t\t\t\t<\/a>\r\n\t\t<\/div>\r\n\t\t\t\t<div class=\"bdpp-post-cats\"><a class=\"bdpp-post-cat-link bdpp-post-cat-22 bdpp-post-cat-produits\" href=\"https:\/\/www.gardenz.fr\/news\/category\/produits\/\">FLEURS &amp; RESINE<\/a> <a class=\"bdpp-post-cat-link bdpp-post-cat-23 bdpp-post-cat-infos\" href=\"https:\/\/www.gardenz.fr\/news\/category\/infos\/\">INFOS WEED<\/a><\/div>\r\n\t\t\r\n\t\t<h2 class=\"bdpp-post-title\">\r\n\t\t\t<a href=\"https:\/\/www.gardenz.fr\/news\/2026\/02\/26\/10-0h-hhc-effets\/\">10-OH-HHC : plus fort que le THC ?<\/a>\r\n\t\t<\/h2>\r\n\r\n\t\t\t\t<div class=\"bdpp-post-meta bdpp-post-meta-up\">\r\n\t\t\t<span class=\"bdpp-post-meta-data bdpp-post-author\"><i class=\"bdpp-fa fa-solid fa-user\"><\/i>Mathis<\/span><span class=\"bdpp-post-meta-sep\"> &ndash; <\/span><span class=\"bdpp-post-meta-data bdpp-post-date\"><i class=\"bdpp-fa fa-regular fa-clock\"><\/i>26 f\u00e9vrier 2026<\/span>\t\t<\/div>\r\n\t\t\t\t<div class=\"bdpp-post-content\">\r\n\t\t\t<div class=\"bdpp-post-desc\">Le 10-OH-HHC fait partie de ces nouvelles mol\u00e9cules d\u00e9riv\u00e9es du cannabis qui soul\u00e8vent beaucoup de questions. Est-ce plus fort que...<\/div>\r\n\t\t\t\t\t\t<a href=\"https:\/\/www.gardenz.fr\/news\/2026\/02\/26\/10-0h-hhc-effets\/\" class=\"bdpp-rdmr-btn\">Lire la suite<\/a>\r\n\t\t\t\t\t<\/div>\r\n\t\t\t<\/div>\r\n<\/div><div class=\"bdpp-post-grid bdpp-col-3 bdpp-columns bdpp-post-21181 bdpp-post-standard bdpp-has-thumb\">\r\n\t<div class=\"bdpp-post-grid-content\">\r\n\t\t\t\t<div class=\"bdpp-post-img-bg\">\r\n\t\t\t<a href=\"https:\/\/www.gardenz.fr\/news\/2026\/02\/24\/systeme-endocannabinoide\/\">\r\n\t\t\t\t<img decoding=\"async\" src=\"https:\/\/www.gardenz.fr\/news\/wp-content\/uploads\/2026\/02\/Utilisation-CBD-640x480.webp\" class=\"bdpp-img bdpp-post-feat-img\" alt=\"Syst\u00e8me endocannabino\u00efde : comment le CBD agit r\u00e9ellement\" \/>\r\n\t\t\t\t\t\t\t<\/a>\r\n\t\t<\/div>\r\n\t\t\t\t<div class=\"bdpp-post-cats\"><a class=\"bdpp-post-cat-link bdpp-post-cat-22 bdpp-post-cat-produits\" href=\"https:\/\/www.gardenz.fr\/news\/category\/produits\/\">FLEURS &amp; RESINE<\/a> <a class=\"bdpp-post-cat-link bdpp-post-cat-23 bdpp-post-cat-infos\" href=\"https:\/\/www.gardenz.fr\/news\/category\/infos\/\">INFOS WEED<\/a><\/div>\r\n\t\t\r\n\t\t<h2 class=\"bdpp-post-title\">\r\n\t\t\t<a href=\"https:\/\/www.gardenz.fr\/news\/2026\/02\/24\/systeme-endocannabinoide\/\">Syst\u00e8me endocannabino\u00efde : comment le CBD agit r\u00e9ellement<\/a>\r\n\t\t<\/h2>\r\n\r\n\t\t\t\t<div class=\"bdpp-post-meta bdpp-post-meta-up\">\r\n\t\t\t<span class=\"bdpp-post-meta-data bdpp-post-author\"><i class=\"bdpp-fa fa-solid fa-user\"><\/i>Mathis<\/span><span class=\"bdpp-post-meta-sep\"> &ndash; <\/span><span class=\"bdpp-post-meta-data bdpp-post-date\"><i class=\"bdpp-fa fa-regular fa-clock\"><\/i>24 f\u00e9vrier 2026<\/span>\t\t<\/div>\r\n\t\t\t\t<div class=\"bdpp-post-content\">\r\n\t\t\t<div class=\"bdpp-post-desc\">Sommaire Qu\u2019est-ce que le syst\u00e8me endocannabino\u00efde \u00c0 quoi sert-il dans le corps Les r\u00e9cepteurs CB1 et CB2 Les endocannabino\u00efdes naturels...<\/div>\r\n\t\t\t\t\t\t<a href=\"https:\/\/www.gardenz.fr\/news\/2026\/02\/24\/systeme-endocannabinoide\/\" class=\"bdpp-rdmr-btn\">Lire la suite<\/a>\r\n\t\t\t\t\t<\/div>\r\n\t\t\t<\/div>\r\n<\/div><div class=\"bdpp-post-grid bdpp-col-3 bdpp-columns bdpp-post-21159 bdpp-post-standard bdpp-has-thumb\">\r\n\t<div class=\"bdpp-post-grid-content\">\r\n\t\t\t\t<div class=\"bdpp-post-img-bg\">\r\n\t\t\t<a href=\"https:\/\/www.gardenz.fr\/news\/2026\/02\/23\/vaporisation-vs-combustion\/\">\r\n\t\t\t\t<img decoding=\"async\" src=\"https:\/\/www.gardenz.fr\/news\/wp-content\/uploads\/2026\/02\/Vaporisation-vs-Combustion-640x480.webp\" class=\"bdpp-img bdpp-post-feat-img\" alt=\"Vaporiser ou fumer : Quel est le moins nocif ?\" \/>\r\n\t\t\t\t\t\t\t<\/a>\r\n\t\t<\/div>\r\n\t\t\t\t<div class=\"bdpp-post-cats\"><a class=\"bdpp-post-cat-link bdpp-post-cat-22 bdpp-post-cat-produits\" href=\"https:\/\/www.gardenz.fr\/news\/category\/produits\/\">FLEURS &amp; RESINE<\/a> <a class=\"bdpp-post-cat-link bdpp-post-cat-24 bdpp-post-cat-guide-achat\" href=\"https:\/\/www.gardenz.fr\/news\/category\/guide-achat\/\">GUIDE D&#039;ACHAT<\/a> <a class=\"bdpp-post-cat-link bdpp-post-cat-23 bdpp-post-cat-infos\" href=\"https:\/\/www.gardenz.fr\/news\/category\/infos\/\">INFOS WEED<\/a><\/div>\r\n\t\t\r\n\t\t<h2 class=\"bdpp-post-title\">\r\n\t\t\t<a href=\"https:\/\/www.gardenz.fr\/news\/2026\/02\/23\/vaporisation-vs-combustion\/\">Vaporiser ou fumer : Quel est le moins nocif ?<\/a>\r\n\t\t<\/h2>\r\n\r\n\t\t\t\t<div class=\"bdpp-post-meta bdpp-post-meta-up\">\r\n\t\t\t<span class=\"bdpp-post-meta-data bdpp-post-author\"><i class=\"bdpp-fa fa-solid fa-user\"><\/i>Mathis<\/span><span class=\"bdpp-post-meta-sep\"> &ndash; <\/span><span class=\"bdpp-post-meta-data bdpp-post-date\"><i class=\"bdpp-fa fa-regular fa-clock\"><\/i>23 f\u00e9vrier 2026<\/span>\t\t<\/div>\r\n\t\t\t\t<div class=\"bdpp-post-content\">\r\n\t\t\t<div class=\"bdpp-post-desc\">Sommaire Pourquoi cette question revient autant Ce qui se passe quand tu br\u00fbles Ce qui se passe quand tu vaporises...<\/div>\r\n\t\t\t\t\t\t<a href=\"https:\/\/www.gardenz.fr\/news\/2026\/02\/23\/vaporisation-vs-combustion\/\" class=\"bdpp-rdmr-btn\">Lire la suite<\/a>\r\n\t\t\t\t\t<\/div>\r\n\t\t\t<\/div>\r\n<\/div>\t<\/div>\r\n\t\t<div class=\"bdpp-paging bdpp-clearfix\">\r\n\t\t<span aria-current=\"page\" class=\"page-numbers current\">1<\/span>\n<a class=\"page-numbers\" href=\"https:\/\/www.gardenz.fr\/news\/wp-json\/wp\/v2\/pages\/1673\/page\/2\/\">2<\/a>\n<a class=\"page-numbers\" href=\"https:\/\/www.gardenz.fr\/news\/wp-json\/wp\/v2\/pages\/1673\/page\/3\/\">3<\/a>\n<span class=\"page-numbers dots\">\u2026<\/span>\n<a class=\"page-numbers\" href=\"https:\/\/www.gardenz.fr\/news\/wp-json\/wp\/v2\/pages\/1673\/page\/13\/\">13<\/a>\n<a class=\"next page-numbers\" href=\"https:\/\/www.gardenz.fr\/news\/wp-json\/wp\/v2\/pages\/1673\/page\/2\/\">Suivante \u00bb &raquo;<\/a>\t<\/div>\r\n<\/div><\/div>\n\t\t\t\t\t\t<\/div>\n\t\t\t\t<\/div>\n\t\t\t\t<div class=\"elementor-element elementor-element-99e026d elementor-widget elementor-widget-text-editor\" data-id=\"99e026d\" data-element_type=\"widget\" data-e-type=\"widget\" data-widget_type=\"text-editor.default\">\n\t\t\t\t<div class=\"elementor-widget-container\">\n\t\t\t\t\t\t\t\t\t<p>Que tu recherches des comparatifs de fleurs CBD, des explications sur les r\u00e9sines, des retours sur les meilleures pratiques<br \/>d\u2019utilisation ou des dossiers sur les nouveaut\u00e9s du march\u00e9, notre blog rassemble des ressources essentielles pour t\u2019accompagner.<br \/>Chaque article s\u2019appuie sur des sources europ\u00e9ennes et des donn\u00e9es actualis\u00e9es afin de t\u2019offrir une information fiable et transparente.<br \/>De la culture indoor aux terp\u00e8nes, des taux de cannabino\u00efdes aux certifications qualit\u00e9, tu y trouveras tout ce qu\u2019il faut pour explorer<br \/>l\u2019univers du CBD en toute s\u00e9r\u00e9nit\u00e9.<\/p>\t\t\t\t\t\t\t\t<\/div>\n\t\t\t\t<\/div>\n\t\t\t\t\t<\/div>\n\t\t<\/div>\n\t\t\t\t\t<\/div>\n\t\t<\/section>\n\t\t\t\t<\/div>\n\t\t","protected":false},"excerpt":{"rendered":"<p>ACTU CBD &amp; WEED Bienvenue sur le blog Gardenz, l\u2019espace o\u00f9 l\u2019on d\u00e9crypte l\u2019univers du CBD de mani\u00e8re simple, fiable et accessible. Ici, tu retrouves des guides pratiques, des conseils pour bien choisir tes produits, des analyses des tendances du march\u00e9 europ\u00e9en et des contenus p\u00e9dagogiques pour mieux comprendre le chanvre, ses ar\u00f4mes, ses m\u00e9thodes [&hellip;]<\/p>\n","protected":false},"author":18,"featured_media":0,"parent":0,"menu_order":0,"comment_status":"closed","ping_status":"closed","template":"elementor_header_footer","meta":{"site-sidebar-layout":"default","site-content-layout":"","ast-site-content-layout":"default","site-content-style":"default","site-sidebar-style":"default","ast-global-header-display":"","ast-banner-title-visibility":"","ast-main-header-display":"","ast-hfb-above-header-display":"","ast-hfb-below-header-display":"","ast-hfb-mobile-header-display":"","site-post-title":"","ast-breadcrumbs-content":"","ast-featured-img":"","footer-sml-layout":"","ast-disable-related-posts":"","theme-transparent-header-meta":"","adv-header-id-meta":"","stick-header-meta":"","header-above-stick-meta":"","header-main-stick-meta":"","header-below-stick-meta":"","astra-migrate-meta-layouts":"default","ast-page-background-enabled":"default","ast-page-background-meta":{"desktop":{"background-color":"var(--ast-global-color-4)","background-image":"","background-repeat":"repeat","background-position":"center center","background-size":"auto","background-attachment":"scroll","background-type":"","background-media":"","overlay-type":"","overlay-color":"","overlay-opacity":"","overlay-gradient":""},"tablet":{"background-color":"","background-image":"","background-repeat":"repeat","background-position":"center center","background-size":"auto","background-attachment":"scroll","background-type":"","background-media":"","overlay-type":"","overlay-color":"","overlay-opacity":"","overlay-gradient":""},"mobile":{"background-color":"","background-image":"","background-repeat":"repeat","background-position":"center center","background-size":"auto","background-attachment":"scroll","background-type":"","background-media":"","overlay-type":"","overlay-color":"","overlay-opacity":"","overlay-gradient":""}},"ast-content-background-meta":{"desktop":{"background-color":"var(--ast-global-color-5)","background-image":"","background-repeat":"repeat","background-position":"center center","background-size":"auto","background-attachment":"scroll","background-type":"","background-media":"","overlay-type":"","overlay-color":"","overlay-opacity":"","overlay-gradient":""},"tablet":{"background-color":"var(--ast-global-color-5)","background-image":"","background-repeat":"repeat","background-position":"center center","background-size":"auto","background-attachment":"scroll","background-type":"","background-media":"","overlay-type":"","overlay-color":"","overlay-opacity":"","overlay-gradient":""},"mobile":{"background-color":"var(--ast-global-color-5)","background-image":"","background-repeat":"repeat","background-position":"center center","background-size":"auto","background-attachment":"scroll","background-type":"","background-media":"","overlay-type":"","overlay-color":"","overlay-opacity":"","overlay-gradient":""}},"footnotes":""},"class_list":["post-1673","page","type-page","status-publish","hentry"],"yoast_head":"<!-- This site is optimized with the Yoast SEO plugin v27.5 - https:\/\/yoast.com\/product\/yoast-seo-wordpress\/ -->\n<title>Actualit\u00e9 CBD - Gardenz CBD shop<\/title>\n<meta name=\"description\" content=\"Retrouvez toute l&#039;actualit\u00e9 CBD. Astuces, conseils pratiques et nouveaut\u00e9s y sont partag\u00e9s r\u00e9guli\u00e8rement pour r\u00e9pondre \u00e0 vos questions.\" \/>\n<meta name=\"robots\" content=\"index, follow, max-snippet:-1, max-image-preview:large, max-video-preview:-1\" \/>\n<link rel=\"canonical\" href=\"https:\/\/www.gardenz.fr\/news\/\" \/>\n<meta property=\"og:locale\" content=\"fr_FR\" \/>\n<meta property=\"og:type\" content=\"article\" \/>\n<meta property=\"og:title\" content=\"Actualit\u00e9 CBD - Gardenz CBD shop\" \/>\n<meta property=\"og:description\" content=\"Retrouvez toute l&#039;actualit\u00e9 CBD. Astuces, conseils pratiques et nouveaut\u00e9s y sont partag\u00e9s r\u00e9guli\u00e8rement pour r\u00e9pondre \u00e0 vos questions.\" \/>\n<meta property=\"og:url\" content=\"https:\/\/www.gardenz.fr\/news\/\" \/>\n<meta property=\"og:site_name\" content=\"Le Blog de Gardenz\" \/>\n<meta property=\"article:modified_time\" content=\"2026-04-23T09:18:02+00:00\" \/>\n<meta name=\"twitter:card\" content=\"summary_large_image\" \/>\n<meta name=\"twitter:label1\" content=\"Dur\u00e9e de lecture estim\u00e9e\" \/>\n\t<meta name=\"twitter:data1\" content=\"1 minute\" \/>\n<script type=\"application\/ld+json\" class=\"yoast-schema-graph\">{\"@context\":\"https:\\\/\\\/schema.org\",\"@graph\":[{\"@type\":\"WebPage\",\"@id\":\"https:\\\/\\\/www.gardenz.fr\\\/news\\\/\",\"url\":\"https:\\\/\\\/www.gardenz.fr\\\/news\\\/\",\"name\":\"Actualit\u00e9 CBD - Gardenz CBD shop\",\"isPartOf\":{\"@id\":\"https:\\\/\\\/www.gardenz.fr\\\/news\\\/#website\"},\"datePublished\":\"2022-06-14T09:45:29+00:00\",\"dateModified\":\"2026-04-23T09:18:02+00:00\",\"description\":\"Retrouvez toute l'actualit\u00e9 CBD. Astuces, conseils pratiques et nouveaut\u00e9s y sont partag\u00e9s r\u00e9guli\u00e8rement pour r\u00e9pondre \u00e0 vos questions.\",\"breadcrumb\":{\"@id\":\"https:\\\/\\\/www.gardenz.fr\\\/news\\\/#breadcrumb\"},\"inLanguage\":\"fr-FR\",\"potentialAction\":[{\"@type\":\"ReadAction\",\"target\":[\"https:\\\/\\\/www.gardenz.fr\\\/news\\\/\"]}]},{\"@type\":\"BreadcrumbList\",\"@id\":\"https:\\\/\\\/www.gardenz.fr\\\/news\\\/#breadcrumb\",\"itemListElement\":[{\"@type\":\"ListItem\",\"position\":1,\"name\":\"Accueil\",\"item\":\"https:\\\/\\\/www.gardenz.fr\\\/news\\\/\"},{\"@type\":\"ListItem\",\"position\":2,\"name\":\"Blog CBD actu\"}]},{\"@type\":\"WebSite\",\"@id\":\"https:\\\/\\\/www.gardenz.fr\\\/news\\\/#website\",\"url\":\"https:\\\/\\\/www.gardenz.fr\\\/news\\\/\",\"name\":\"Le Blog de Gardenz\",\"description\":\"Best quality CBD\",\"publisher\":{\"@id\":\"https:\\\/\\\/www.gardenz.fr\\\/news\\\/#organization\"},\"potentialAction\":[{\"@type\":\"SearchAction\",\"target\":{\"@type\":\"EntryPoint\",\"urlTemplate\":\"https:\\\/\\\/www.gardenz.fr\\\/news\\\/?s={search_term_string}\"},\"query-input\":{\"@type\":\"PropertyValueSpecification\",\"valueRequired\":true,\"valueName\":\"search_term_string\"}}],\"inLanguage\":\"fr-FR\"},{\"@type\":\"Organization\",\"@id\":\"https:\\\/\\\/www.gardenz.fr\\\/news\\\/#organization\",\"name\":\"Le Blog de Gardenz\",\"url\":\"https:\\\/\\\/www.gardenz.fr\\\/news\\\/\",\"logo\":{\"@type\":\"ImageObject\",\"inLanguage\":\"fr-FR\",\"@id\":\"https:\\\/\\\/www.gardenz.fr\\\/news\\\/#\\\/schema\\\/logo\\\/image\\\/\",\"url\":\"https:\\\/\\\/www.gardenz.fr\\\/news\\\/wp-content\\\/uploads\\\/2022\\\/06\\\/logo-gardenz-feuille-blanc-final.png\",\"contentUrl\":\"https:\\\/\\\/www.gardenz.fr\\\/news\\\/wp-content\\\/uploads\\\/2022\\\/06\\\/logo-gardenz-feuille-blanc-final.png\",\"width\":459,\"height\":200,\"caption\":\"Le Blog de Gardenz\"},\"image\":{\"@id\":\"https:\\\/\\\/www.gardenz.fr\\\/news\\\/#\\\/schema\\\/logo\\\/image\\\/\"}}]}<\/script>\n<!-- \/ Yoast SEO plugin. -->","yoast_head_json":{"title":"Actualit\u00e9 CBD - Gardenz CBD shop","description":"Retrouvez toute l'actualit\u00e9 CBD. Astuces, conseils pratiques et nouveaut\u00e9s y sont partag\u00e9s r\u00e9guli\u00e8rement pour r\u00e9pondre \u00e0 vos questions.","robots":{"index":"index","follow":"follow","max-snippet":"max-snippet:-1","max-image-preview":"max-image-preview:large","max-video-preview":"max-video-preview:-1"},"canonical":"https:\/\/www.gardenz.fr\/news\/","og_locale":"fr_FR","og_type":"article","og_title":"Actualit\u00e9 CBD - Gardenz CBD shop","og_description":"Retrouvez toute l'actualit\u00e9 CBD. Astuces, conseils pratiques et nouveaut\u00e9s y sont partag\u00e9s r\u00e9guli\u00e8rement pour r\u00e9pondre \u00e0 vos questions.","og_url":"https:\/\/www.gardenz.fr\/news\/","og_site_name":"Le Blog de Gardenz","article_modified_time":"2026-04-23T09:18:02+00:00","twitter_card":"summary_large_image","twitter_misc":{"Dur\u00e9e de lecture estim\u00e9e":"1 minute"},"schema":{"@context":"https:\/\/schema.org","@graph":[{"@type":"WebPage","@id":"https:\/\/www.gardenz.fr\/news\/","url":"https:\/\/www.gardenz.fr\/news\/","name":"Actualit\u00e9 CBD - Gardenz CBD shop","isPartOf":{"@id":"https:\/\/www.gardenz.fr\/news\/#website"},"datePublished":"2022-06-14T09:45:29+00:00","dateModified":"2026-04-23T09:18:02+00:00","description":"Retrouvez toute l'actualit\u00e9 CBD. Astuces, conseils pratiques et nouveaut\u00e9s y sont partag\u00e9s r\u00e9guli\u00e8rement pour r\u00e9pondre \u00e0 vos questions.","breadcrumb":{"@id":"https:\/\/www.gardenz.fr\/news\/#breadcrumb"},"inLanguage":"fr-FR","potentialAction":[{"@type":"ReadAction","target":["https:\/\/www.gardenz.fr\/news\/"]}]},{"@type":"BreadcrumbList","@id":"https:\/\/www.gardenz.fr\/news\/#breadcrumb","itemListElement":[{"@type":"ListItem","position":1,"name":"Accueil","item":"https:\/\/www.gardenz.fr\/news\/"},{"@type":"ListItem","position":2,"name":"Blog CBD actu"}]},{"@type":"WebSite","@id":"https:\/\/www.gardenz.fr\/news\/#website","url":"https:\/\/www.gardenz.fr\/news\/","name":"Le Blog de Gardenz","description":"Best quality CBD","publisher":{"@id":"https:\/\/www.gardenz.fr\/news\/#organization"},"potentialAction":[{"@type":"SearchAction","target":{"@type":"EntryPoint","urlTemplate":"https:\/\/www.gardenz.fr\/news\/?s={search_term_string}"},"query-input":{"@type":"PropertyValueSpecification","valueRequired":true,"valueName":"search_term_string"}}],"inLanguage":"fr-FR"},{"@type":"Organization","@id":"https:\/\/www.gardenz.fr\/news\/#organization","name":"Le Blog de Gardenz","url":"https:\/\/www.gardenz.fr\/news\/","logo":{"@type":"ImageObject","inLanguage":"fr-FR","@id":"https:\/\/www.gardenz.fr\/news\/#\/schema\/logo\/image\/","url":"https:\/\/www.gardenz.fr\/news\/wp-content\/uploads\/2022\/06\/logo-gardenz-feuille-blanc-final.png","contentUrl":"https:\/\/www.gardenz.fr\/news\/wp-content\/uploads\/2022\/06\/logo-gardenz-feuille-blanc-final.png","width":459,"height":200,"caption":"Le Blog de Gardenz"},"image":{"@id":"https:\/\/www.gardenz.fr\/news\/#\/schema\/logo\/image\/"}}]}},"_links":{"self":[{"href":"https:\/\/www.gardenz.fr\/news\/wp-json\/wp\/v2\/pages\/1673","targetHints":{"allow":["GET"]}}],"collection":[{"href":"https:\/\/www.gardenz.fr\/news\/wp-json\/wp\/v2\/pages"}],"about":[{"href":"https:\/\/www.gardenz.fr\/news\/wp-json\/wp\/v2\/types\/page"}],"author":[{"embeddable":true,"href":"https:\/\/www.gardenz.fr\/news\/wp-json\/wp\/v2\/users\/18"}],"replies":[{"embeddable":true,"href":"https:\/\/www.gardenz.fr\/news\/wp-json\/wp\/v2\/comments?post=1673"}],"version-history":[{"count":195,"href":"https:\/\/www.gardenz.fr\/news\/wp-json\/wp\/v2\/pages\/1673\/revisions"}],"predecessor-version":[{"id":21637,"href":"https:\/\/www.gardenz.fr\/news\/wp-json\/wp\/v2\/pages\/1673\/revisions\/21637"}],"wp:attachment":[{"href":"https:\/\/www.gardenz.fr\/news\/wp-json\/wp\/v2\/media?parent=1673"}],"curies":[{"name":"wp","href":"https:\/\/api.w.org\/{rel}","templated":true}]}}